{"id":5080,"date":"2026-06-30T18:56:58","date_gmt":"2026-06-30T16:56:58","guid":{"rendered":"https:\/\/mhh-global.com\/pediatric-vaccines-fr\/?page_id=5080"},"modified":"2026-07-09T18:06:24","modified_gmt":"2026-07-09T16:06:24","slug":"mijn-baby","status":"publish","type":"page","link":"https:\/\/vaccikids.be\/nl\/mijn-baby\/","title":{"rendered":"Mijn baby"},"content":{"rendered":"<div class=\"mh-columns mh-columns--vertical-alignment-top mh-column--8523aa1f715226e77cea01305b4ef046 mh-columns--gutter-m\">\n    <div class=\"mh-columns-inner\">\n        \n<div class=\"mh-column mh-column--8d5abce970551de8d10c0af7559268b8 mh-column--12 mh-column--m-6 mh-column--l-6\">\n    \n<hr class=\"mh-spacer mh-spacer--0f5cf704c1b47129955e76cf4d2c8113\" aria-hidden=\"true\" \/>\n<style>.mh-spacer--0f5cf704c1b47129955e76cf4d2c8113 {--mh-spacer-height--l: 100px;--mh-spacer-height--m: 32px;--mh-spacer-height--s: 20px;}<\/style><style>.mh-spacer--0f5cf704c1b47129955e76cf4d2c8113 {--mh-spacer-background-image: none;}<\/style>\n\n<h2  class=\"mh-heading mh-heading--97d441346fe27648ce1d910c7339f0bf mh-heading--with-background-image\"><span class=\"screen-reader-text\"><strong>Mijn baby<\/strong><\/span>        <img decoding=\"async\" class=\"\" src=\"https:\/\/vaccikids.be\/nl\/wp-content\/uploads\/sites\/662\/2026\/06\/Mijn-baby.png?quality=80&#038;lossy=1\" width=\"1150\" height=\"306\" loading=\"lazy\" alt=\"Mijn baby\" \/><br \/>\n    <\/h2><style>.mh-heading--97d441346fe27648ce1d910c7339f0bf {--mh-heading-background-image: none;}<\/style>\n\n<h4  class=\"mh-heading mh-heading--caa7305ace44cdcd1f1fa7e56eb5cde2\">De eerste maanden: essenti\u00eble bescherming voor een goede ontwikkeling<\/h4><style>.mh-heading--caa7305ace44cdcd1f1fa7e56eb5cde2 {--mh-heading-background-image: none;}<\/style>\n<\/div>\n<style>.mh-column--8d5abce970551de8d10c0af7559268b8 {--mh-column-background-image: none;}<\/style>\n\n<div class=\"mh-column mh-column--8c8cd68055557abc52b313c4889e00c3 mh-column--12 mh-column--m-6 mh-column--l-6\">\n    \n    <figure class=\"mh-image mh-image--dd0d9311e3545a1a53055b5c1fd60903\" >\n                            <img decoding=\"async\"\n        class=\"\"\n        src=\"https:\/\/vaccikids.be\/nl\/wp-content\/uploads\/sites\/662\/2026\/01\/Group-34.png?w=1245&#038;quality=80&#038;lossy=1\"\n        width=\"1245\"\n        height=\"1213\"\n        loading=\"lazy\"\n        alt=\"\"\n            \/>\n                        <\/figure>\n\n<\/div>\n<style>.mh-column--8c8cd68055557abc52b313c4889e00c3 {--mh-column-background-image: none;}<\/style>\n    <\/div>\n<\/div>\n\n\n<div class=\"mh-columns mh-column--002396f9e75e8b23d685b536a5337ef0 mh-columns--gutter-l\">\n    <div class=\"mh-columns-inner\">\n        \n<div class=\"mh-column mh-column--b565a3dee0bfbc218a329c721179f7bb mh-column--12 mh-column--m-5 mh-column--l-5\">\n    \n    <figure class=\"mh-image mh-image--99501aebb83307eb96457ff8bb293a36\" >\n                            <img decoding=\"async\"\n        class=\"\"\n        src=\"https:\/\/vaccikids.be\/nl\/wp-content\/uploads\/sites\/662\/2026\/06\/Group-35.png?w=860&#038;quality=80&#038;lossy=1\"\n        width=\"860\"\n        height=\"410\"\n        loading=\"lazy\"\n        alt=\"\"\n            \/>\n                        <\/figure>\n<style>.mh-image--99501aebb83307eb96457ff8bb293a36 {--mh-image-margin-right--l: 30px;--mh-image-margin-right--m: 20px;--mh-image-margin-right--s: 20px;}<\/style>\n<\/div>\n<style>.mh-column--b565a3dee0bfbc218a329c721179f7bb {--mh-column-background-image: none;}<\/style>\n\n<div class=\"mh-column mh-column--c90342ef533ba20cdb1e5ff6cc4d26fe mh-column--12 mh-column--m-7 mh-column--l-7\">\n    \n<h2  class=\"mh-heading mh-heading--8aac836113c8b11e0fa754f6a4e3c89f mh-heading--with-background-image\"><span class=\"screen-reader-text\"><strong>Alles over de vaccinatie van uw baby<\/strong><\/span>        <img decoding=\"async\" class=\"\" src=\"https:\/\/vaccikids.be\/nl\/wp-content\/uploads\/sites\/662\/2026\/06\/Alles-over-de-vaccinatie-van-uw-baby.png?quality=80&#038;lossy=1\" width=\"1434\" height=\"79\" loading=\"lazy\" alt=\"Introduction\" \/><br \/>\n    <\/h2><style>.mh-heading--8aac836113c8b11e0fa754f6a4e3c89f {--mh-heading-padding-top--l: 20px;--mh-heading-padding-right--l: 240px;--mh-heading-padding-top--m: 20px;--mh-heading-padding-right--m: 120px;--mh-heading-padding-top--s: 20px;--mh-heading-padding-right--s: 60px;}<\/style><style>.mh-heading--8aac836113c8b11e0fa754f6a4e3c89f {--mh-heading-background-image: none;}<\/style>\n\n\n<p\n    class=\"mh-paragraph mh-paragraph--e20499d79291dfdb21d165a1fe725b7c\"\n    >\n    Elk kind groeit op zijn eigen tempo, en vaccinatie is \u00e9\u00e9n van de manieren om de gezondheid van uw kind op dagelijkse basis beter op te volgen. Op deze pagina vindt u eenvoudige antwoorden over verplichte vaccinaties, hun doeltreffendheid, het schema, maar ook advies over de praktische organisatie en advies bij reizen met uw baby.<\/p>\n<style>.mh-paragraph--e20499d79291dfdb21d165a1fe725b7c {--mh-paragraph-background-image: none;}<\/style>\n<\/div>\n<style>.mh-column--c90342ef533ba20cdb1e5ff6cc4d26fe {--mh-column-background-image: none;}<\/style>\n    <\/div>\n<\/div>\n\n\n<hr class=\"mh-spacer mh-spacer--d2c12de58d86b45a09f15b3512e16547\" aria-hidden=\"true\" \/>\n<style>.mh-spacer--d2c12de58d86b45a09f15b3512e16547 {--mh-spacer-height--l: 100px;--mh-spacer-height--m: 60px;--mh-spacer-height--s: 30px;}<\/style><style>.mh-spacer--d2c12de58d86b45a09f15b3512e16547 {--mh-spacer-background-image: none;}<\/style>\n\n<div id=\"video1\" class=\"mh-columns mh-column--fd2ff71fedbb98b1713f93c5771e4924 mh-columns--gutter-l\">\n    <div class=\"mh-columns-inner\">\n        \n<div class=\"mh-column mh-column--e04a608bb8cbe84657aa2a1e090c6583 mh-column--12 mh-column--m-7 mh-column--l-7\">\n    \n\n<div  class=\"inpsyde-brightcove__player\" style=\"position: relative\">\n\n    \n    <video-js class=\"video-js vjs-16-9\" data-embed=\"default\" data-player=\"wpDhMYhEmz\" data-account=\"4090876667001\" data-video-id=\"6396279150112\" aria-label=\"Video\" controls><\/video-js>\n\n    \n    <script src=\"https:\/\/players.brightcove.net\/4090876667001\/wpDhMYhEmz_default\/index.min.js\"><\/script>\n<\/div>\n<\/div>\n<style>.mh-column--e04a608bb8cbe84657aa2a1e090c6583 {--mh-column-background-image: none;}<\/style>\n\n<div class=\"mh-column mh-column--866169e2fae68f668ea4092827fb8485 mh-column--12 mh-column--m-5 mh-column--l-5\">\n    \n<h2  class=\"mh-heading mh-heading--11f5fd2691d7a87b3acfc0cbfe5d9e08 mh-heading--with-background-image\"><span class=\"screen-reader-text\"><strong>Uw vragen over vaccinaties voor baby\u2019s<\/strong><\/span>        <img decoding=\"async\" class=\"\" src=\"https:\/\/vaccikids.be\/nl\/wp-content\/uploads\/sites\/662\/2026\/06\/Uw-vragen-over-vaccinaties-voor-babys.png?quality=80&#038;lossy=1\" width=\"882\" height=\"160\" loading=\"lazy\" alt=\"Uw vragen over vaccinaties voor baby\u2019s\" \/><br \/>\n    <\/h2><style>.mh-heading--11f5fd2691d7a87b3acfc0cbfe5d9e08 {--mh-heading-background-image: none;}<\/style>\n\n\n<p>Ouders zitten vaak met vragen over vaccinatie, bijvoorbeeld in verband met de doeltreffendheid, de veiligheid en de leeftijd bij de eerste doses.<br>In dit filmpje geeft Prof. Proesmans, kinderarts in het UZ Leuven, eenvoudige antwoorden op de meestgestelde vragen: natuurlijke immuniteit, de doeltreffendheid van vaccins, de rol van borstvoeding enz.<\/p>\n\n<\/div>\n<style>.mh-column--866169e2fae68f668ea4092827fb8485 {--mh-column-background-image: none;}<\/style>\n    <\/div>\n<\/div>\n\n\n    <figure class=\"mh-image mh-image--align-center mh-image--ea184f04268b3a44cf0de4ce93b66344\" >\n                            <img decoding=\"async\"\n        class=\"\"\n        src=\"https:\/\/vaccikids.be\/nl\/wp-content\/uploads\/sites\/662\/2026\/06\/elements-2.png?w=910&#038;quality=80&#038;lossy=1\"\n        width=\"910\"\n        height=\"274\"\n        loading=\"lazy\"\n        alt=\"\"\n            \/>\n                        <\/figure>\n\n\n<hr class=\"mh-spacer mh-spacer--90ebd5cd1dd6b59b900e157e4d913d41\" aria-hidden=\"true\" \/>\n<style>.mh-spacer--90ebd5cd1dd6b59b900e157e4d913d41 {--mh-spacer-height--l: 40px;--mh-spacer-height--m: 40px;--mh-spacer-height--s: 20px;}<\/style><style>.mh-spacer--90ebd5cd1dd6b59b900e157e4d913d41 {--mh-spacer-background-image: none;}<\/style>\n\n<div class=\"mh-element mh-element--5b35dcba64d28c7b82dd6560333869f8 mh-element--align-full\">\n    <div class=\"mh-container\">\n        \n<h2  id=\"vragen\" class=\"mh-heading mh-heading--center mh-heading--align-center mh-heading--e479c743b8c438e46ebef2ff94b6bd97 mh-heading--with-background-image\"><span class=\"screen-reader-text\"><strong>Vragen over vaccinaties voor baby\u2019s<\/strong><\/span>        <img decoding=\"async\" class=\"\" src=\"https:\/\/vaccikids.be\/nl\/wp-content\/uploads\/sites\/662\/2026\/06\/Group-64.png?quality=80&#038;lossy=1\" width=\"2235\" height=\"1050\" loading=\"lazy\" alt=\"Vragen over vaccinaties voor baby\u2019s\" \/><br \/>\n    <\/h2><style>.mh-heading--e479c743b8c438e46ebef2ff94b6bd97 {--mh-heading-background-image: none;}<\/style>\n\n<hr class=\"mh-spacer mh-spacer--c291664780b6a8288f8a997c14cb1387\" aria-hidden=\"true\" \/>\n<style>.mh-spacer--c291664780b6a8288f8a997c14cb1387 {--mh-spacer-height--l: 60px;--mh-spacer-height--m: 40px;--mh-spacer-height--s: 20px;}<\/style><style>.mh-spacer--c291664780b6a8288f8a997c14cb1387 {--mh-spacer-background-image: none;}<\/style>\n\n<div  class=\"mh-links mh-links--align-center mh-links--justified-center\">\n\n<a  class=\"mh-anchor mh-anchor--c847fd6129da57338247e62df8d19b89 mh-anchor--large\"\n      href=\"#verplichte-vaccins\"\n    target=\"_self\"\n    rel=\"\"\n        >\n\n      <span class=\"mh-anchor-label\">\n      <span class=\"\">Verplichte vaccins<\/span>    <\/span>\n    \n<svg width=\"1em\" height=\"1em\" class=\"mh-icon mh-icon--kind-generic mh-icon--name-arrow mh-icon--arrow\" role=\"img\" aria-hidden=\"true\">\n    \n    \n    <use xlink:href=\"https:\/\/vaccikids.be\/nl\/wp-content\/themes\/cex-wpvip-mh-theme-3.1\/modules\/theme\/resources\/icons\/svg\/generic\/arrow.svg#arrow\"><\/use>\n<\/svg>\n  <\/a>\n\n<style>.mh-anchor--c847fd6129da57338247e62df8d19b89 {--mh-context-color-link: #000000;--mh-context-color-link--hover: #000000;--mh-context-border-bottom-color-link--hover: #000000;}<\/style>\n\n\n<a  class=\"mh-anchor mh-anchor--4d5da669b29c95c515758a3e53128de9 mh-anchor--large\"\n      href=\"#doeltreffendheid-veiligheid-risicos\"\n    target=\"_self\"\n    rel=\"\"\n        >\n\n      <span class=\"mh-anchor-label\">\n      <span class=\"\">Doeltreffendheid, veiligheid, risico&#8217;s?<\/span>    <\/span>\n    \n<svg width=\"1em\" height=\"1em\" class=\"mh-icon mh-icon--kind-generic mh-icon--name-arrow mh-icon--arrow\" role=\"img\" aria-hidden=\"true\">\n    \n    \n    <use xlink:href=\"https:\/\/vaccikids.be\/nl\/wp-content\/themes\/cex-wpvip-mh-theme-3.1\/modules\/theme\/resources\/icons\/svg\/generic\/arrow.svg#arrow\"><\/use>\n<\/svg>\n  <\/a>\n\n<style>.mh-anchor--4d5da669b29c95c515758a3e53128de9 {--mh-context-color-link: #000000;--mh-context-color-link--hover: #000000;--mh-context-border-bottom-color-link--hover: #000000;}<\/style>\n\n\n<a  class=\"mh-anchor mh-anchor--d4041338ac309718f798b5166aedf0e8 mh-anchor--large\"\n      href=\"#vaccinatieschema\"\n    target=\"_self\"\n    rel=\"\"\n        >\n\n      <span class=\"mh-anchor-label\">\n      <span class=\"\">Vaccinatieschema<\/span>    <\/span>\n    \n<svg width=\"1em\" height=\"1em\" class=\"mh-icon mh-icon--kind-generic mh-icon--name-arrow mh-icon--arrow\" role=\"img\" aria-hidden=\"true\">\n    \n    \n    <use xlink:href=\"https:\/\/vaccikids.be\/nl\/wp-content\/themes\/cex-wpvip-mh-theme-3.1\/modules\/theme\/resources\/icons\/svg\/generic\/arrow.svg#arrow\"><\/use>\n<\/svg>\n  <\/a>\n\n<style>.mh-anchor--d4041338ac309718f798b5166aedf0e8 {--mh-context-color-link: #000000;--mh-context-color-link--hover: #000000;--mh-context-border-bottom-color-link--hover: #000000;}<\/style>\n\n\n<a  class=\"mh-anchor mh-anchor--a5a6841cec1a49139173c3f7a57a1048 mh-anchor--large\"\n      href=\"#organisatie-van-de-vaccinatie\"\n    target=\"_self\"\n    rel=\"\"\n        >\n\n      <span class=\"mh-anchor-label\">\n      <span class=\"\">Organisatie van de vaccinatie<\/span>    <\/span>\n    \n<svg width=\"1em\" height=\"1em\" class=\"mh-icon mh-icon--kind-generic mh-icon--name-arrow mh-icon--arrow\" role=\"img\" aria-hidden=\"true\">\n    \n    \n    <use xlink:href=\"https:\/\/vaccikids.be\/nl\/wp-content\/themes\/cex-wpvip-mh-theme-3.1\/modules\/theme\/resources\/icons\/svg\/generic\/arrow.svg#arrow\"><\/use>\n<\/svg>\n  <\/a>\n\n<style>.mh-anchor--a5a6841cec1a49139173c3f7a57a1048 {--mh-context-color-link: #000000;--mh-context-color-link--hover: #000000;--mh-context-border-bottom-color-link--hover: #000000;}<\/style>\n\n\n<a  class=\"mh-anchor mh-anchor--c7c505e416c0a9755dd55d7cf331a17a mh-anchor--large\"\n      href=\"#op-reis\"\n    target=\"_self\"\n    rel=\"\"\n        >\n\n      <span class=\"mh-anchor-label\">\n      <span class=\"\">Op reis<\/span>    <\/span>\n    \n<svg width=\"1em\" height=\"1em\" class=\"mh-icon mh-icon--kind-generic mh-icon--name-arrow mh-icon--arrow\" role=\"img\" aria-hidden=\"true\">\n    \n    \n    <use xlink:href=\"https:\/\/vaccikids.be\/nl\/wp-content\/themes\/cex-wpvip-mh-theme-3.1\/modules\/theme\/resources\/icons\/svg\/generic\/arrow.svg#arrow\"><\/use>\n<\/svg>\n  <\/a>\n\n<style>.mh-anchor--c7c505e416c0a9755dd55d7cf331a17a {--mh-context-color-link: #000000;--mh-context-color-link--hover: #000000;--mh-context-border-bottom-color-link--hover: #000000;}<\/style>\n\n\n<a  class=\"mh-anchor mh-anchor--149448e3965ff9f4660b5b5cb66efa20 mh-anchor--large\"\n      href=\"#op-welke-leeftijd\"\n    target=\"_self\"\n    rel=\"\"\n        >\n\n      <span class=\"mh-anchor-label\">\n      <span class=\"\">Op welke leeftijd?<\/span>    <\/span>\n    \n<svg width=\"1em\" height=\"1em\" class=\"mh-icon mh-icon--kind-generic mh-icon--name-arrow mh-icon--arrow\" role=\"img\" aria-hidden=\"true\">\n    \n    \n    <use xlink:href=\"https:\/\/vaccikids.be\/nl\/wp-content\/themes\/cex-wpvip-mh-theme-3.1\/modules\/theme\/resources\/icons\/svg\/generic\/arrow.svg#arrow\"><\/use>\n<\/svg>\n  <\/a>\n\n<style>.mh-anchor--149448e3965ff9f4660b5b5cb66efa20 {--mh-context-color-link: #000000;--mh-context-color-link--hover: #000000;--mh-context-border-bottom-color-link--hover: #000000;}<\/style>\n<\/div>\n\n<hr class=\"mh-spacer mh-spacer--c291664780b6a8288f8a997c14cb1387\" aria-hidden=\"true\" \/>\n<style>.mh-spacer--c291664780b6a8288f8a997c14cb1387 {--mh-spacer-height--l: 60px;--mh-spacer-height--m: 40px;--mh-spacer-height--s: 20px;}<\/style><style>.mh-spacer--c291664780b6a8288f8a997c14cb1387 {--mh-spacer-background-image: none;}<\/style>\n\n<h3  id=\"verplichte-vaccins\" class=\"mh-heading mh-heading--27da5d3933e09058f54402614cb68ae1 mh-heading--with-background-image\"><span class=\"screen-reader-text\"><strong>Verplichte vaccins<\/strong><\/span>        <img decoding=\"async\" class=\"\" src=\"https:\/\/vaccikids.be\/nl\/wp-content\/uploads\/sites\/662\/2026\/06\/Verplichte-vaccins.png?quality=80&#038;lossy=1\" width=\"1654\" height=\"156\" loading=\"lazy\" alt=\"Verplichte vaccins\" \/><br \/>\n    <\/h3><style>.mh-heading--27da5d3933e09058f54402614cb68ae1 {--mh-heading-padding-right--l: 300px;--mh-heading-padding-right--m: 300px;}<\/style><style>.mh-heading--27da5d3933e09058f54402614cb68ae1 {--mh-heading-background-image: none;}<\/style>\n\n\n<p\n    class=\"mh-paragraph mh-paragraph--2594e455e682cbb963a796802138460e\"\n    >\n    De enige wettelijk verplichte vaccinatie in Belgi\u00eb is die met het poliovaccin. Andere vaccinaties zijn misschien niet verplicht, maar worden wel sterk aanbevolen. Alle informatie hierover vindt u op <a href=\"https:\/\/www.laatjevaccineren.be\">www.laatjevaccineren.be<\/a> (in het Nederlands voor Vlaanderen en de Nederlandstalige gemeenschap in Brussel) en op <a href=\"https:\/\/www.vaccination-info.be\">www.vaccination-info.be<\/a> (in het Frans voor Walloni\u00eb en de Franstalige gemeenschap in Brussel). Voor inwoners van het Duitstalige deel van Belgi\u00eb is alle informatie over vaccinaties in hun taal te vinden op de website van de Duitstalige Gemeenschap, <a href=\"https:\/\/ostbelgienlive.be\/\">ostbelgienlive.be<\/a>.<\/p>\n<style>.mh-paragraph--2594e455e682cbb963a796802138460e {--mh-paragraph-background-image: none;}<\/style>\n\n<div class=\"mh-columns mh-column--f1ba0c6e089fe11e546668afc252854f mh-columns--gutter-m\">\n    <div class=\"mh-columns-inner\">\n        \n<div class=\"mh-column mh-column--32b665eeeaea2a3403df7238f4f5b24f mh-column--12 mh-column--m-8 mh-column--l-8 mh-column--offset-m-2 mh-column--offset-l-2\">\n    \n<h4  class=\"mh-heading mh-heading--03bc5deb82c9302339003ed8e45a14e8\"><strong><em>\u201cWelke vaccinaties zijn verplicht voor baby\u2019s in Belgi\u00eb?\u201d<\/em><\/strong><\/h4><style>.mh-heading--03bc5deb82c9302339003ed8e45a14e8 {--mh-heading-background-image: none;}<\/style>\n\n\n<p\n    class=\"mh-paragraph mh-paragraph--e59f5b025d15504864425f975d2dfa70\"\n    >\n    <strong>De poliovaccinatie <\/strong>is <strong>de enige verplichte vaccinatie<\/strong> voor alle baby&#8217;s in <strong>Belgi\u00eb<\/strong>. Het IPV-vaccin (ge\u00efnactiveerd poliovaccin) wordt toegediend in drie doses op de leeftijd van respectievelijk <strong>2, 3 en 4 maanden, gevolgd door een herhalingsvaccinatie op de leeftijd van 15 maanden.<\/strong> De volledige vaccinatie (drie doses + \u00e9\u00e9n herhalingsdosis) moet afgerond zijn v\u00f3\u00f3r de leeftijd van 18 maanden. Een tweede herhalingsdosis wordt aanbevolen op de leeftijd van 5-7 jaar.<\/p>\n<style>.mh-paragraph--e59f5b025d15504864425f975d2dfa70 {--mh-paragraph-background-image: none;}<\/style>\n\n\n<p\n    class=\"mh-paragraph mh-paragraph--094c3fe336e41737e342f21ed0e785d5\"\n    >\n    Er wordt een <strong>polioattest<\/strong> door de burgerlijke stand overhandigd aan de ouders bij de geboorteaangifte. Dat moet <strong>door een arts worden ingevuld<\/strong> na de laatste vaccinatiedosis en vervolgens <strong>worden bezorgd aan de gemeente waar het gevaccineerde kind woont<\/strong>.<\/p>\n<style>.mh-paragraph--094c3fe336e41737e342f21ed0e785d5 {--mh-paragraph-background-image: none;}<\/style>\n\n\n<p\n    class=\"mh-paragraph mh-paragraph--1f5063de8e0e273f7dc7021f16ad1a98\"\n    >\n    Weigering van de poliovaccinatie is strafbaar.<\/p>\n<style>.mh-paragraph--1f5063de8e0e273f7dc7021f16ad1a98 {--mh-paragraph-background-image: none;}<\/style>\n\n\n<p\n    class=\"mh-paragraph mh-paragraph--4a452b65a90d3251eac5a432b9ebc51d\"\n    >\n    <strong>Goed om te weten.<\/strong><br \/>\nHoewel enkel de vaccinatie tegen poliomyelitis wettelijk verplicht is in Belgi\u00eb, wordt in Vlaanderen sterk aanbevolen om het volledige basisvaccinatieschema te volgen. Dit schema helpt jonge kinderen tegen ernstige infectieziekten zoals difterie, tetanus, kinkhoest, Haemophilus influenzae type b (Hib), pneumokokken, meningokokken, mazelen, bof, rubella en hepatitis B te beschermen.<sup>3<\/sup><br \/>\nIn Vlaanderen geldt er geen bijkomende wettelijke vaccinatieverplichting voor toegang tot kinderopvang. Kinderopvanginitiatieven kunnen wel informeren naar de vaccinatiestatus van een kind. Omdat jonge kinderen in de opvang intensief contact hebben met elkaar en infecties zich daar sneller kunnen verspreiden, is het sterk aanbevolen om het basisvaccinatieschema tijdig en volledig te volgen, ongeacht de opvangsituatie van je kind.<\/p>\n<style>.mh-paragraph--4a452b65a90d3251eac5a432b9ebc51d {--mh-paragraph-background-image: none;}<\/style>\n\n\n<p\n    class=\"mh-paragraph mh-paragraph--f60ad726f829d0dc5e5dfa6be3685f9c\"\n    >\n    <strong><span style=\"text-decoration: underline\">Nuttige links:<\/span><\/strong><\/p>\n<style>.mh-paragraph--f60ad726f829d0dc5e5dfa6be3685f9c {--mh-paragraph-background-image: none;}<\/style>\n\n<div  class=\"mh-links mh-links--justified-start\">\n\n<a  class=\"mh-button mh-button--fb972701f80dcb516dbe55b6d80070e7 mh-button--custom\"\n      href=\"https:\/\/www.laatjevaccineren.be\/basisvaccinatieschema\"\n    target=\"_self\"\n    rel=\"\"\n        >\n\n      <span class=\"mh-anchor-label\">\n      <span class=\"\">Basisvaccinatieschema<\/span>    <\/span>\n      <\/a>\n\n<style>.mh-button--fb972701f80dcb516dbe55b6d80070e7 {--mh-button-border-width: 2px;--mh-button-border-color: #ffb429;--mh-button-border-style: solid;}<\/style><style>.mh-button--fb972701f80dcb516dbe55b6d80070e7 {--mh-button-border-width--hover: 2px;--mh-button-border-color--hover: #ffb429;--mh-button-border-style--hover: solid;}<\/style><style>.mh-button--fb972701f80dcb516dbe55b6d80070e7 {--mh-button-border-top-left-radius: 50px;--mh-button-border-top-right-radius: 50px;--mh-button-border-bottom-right-radius: 50px;--mh-button-border-bottom-left-radius: 50px;}<\/style><style>.mh-button--fb972701f80dcb516dbe55b6d80070e7 {--mh-button-border-top-left-radius--hover: 50px;--mh-button-border-top-right-radius--hover: 50px;--mh-button-border-bottom-right-radius--hover: 50px;--mh-button-border-bottom-left-radius--hover: 50px;}<\/style><style>.mh-button--fb972701f80dcb516dbe55b6d80070e7 {--mh-context-color-link: #262626;--mh-context-color-link--hover: #262626;--mh-context-background-color-link: #fefdf7;--mh-context-background-color-link--hover: #ffb429;}<\/style>\n\n\n<a  class=\"mh-button mh-button--5e901eee8b81deaa70d2d6b05a73d303 mh-button--custom\"\n      href=\"https:\/\/www.vaccination-info.be\/calendrier-de-vaccination\/\"\n    target=\"_self\"\n    rel=\"\"\n        >\n\n      <span class=\"mh-anchor-label\">\n      <span class=\"\">Calendrier de vaccination<\/span>    <\/span>\n      <\/a>\n\n<style>.mh-button--5e901eee8b81deaa70d2d6b05a73d303 {--mh-button-border-width: 2px;--mh-button-border-color: #ffb429;--mh-button-border-style: solid;}<\/style><style>.mh-button--5e901eee8b81deaa70d2d6b05a73d303 {--mh-button-border-width--hover: 2px;--mh-button-border-color--hover: #ffb429;--mh-button-border-style--hover: solid;}<\/style><style>.mh-button--5e901eee8b81deaa70d2d6b05a73d303 {--mh-button-border-top-left-radius: 50px;--mh-button-border-top-right-radius: 50px;--mh-button-border-bottom-right-radius: 50px;--mh-button-border-bottom-left-radius: 50px;}<\/style><style>.mh-button--5e901eee8b81deaa70d2d6b05a73d303 {--mh-button-border-top-left-radius--hover: 50px;--mh-button-border-top-right-radius--hover: 50px;--mh-button-border-bottom-right-radius--hover: 50px;--mh-button-border-bottom-left-radius--hover: 50px;}<\/style><style>.mh-button--5e901eee8b81deaa70d2d6b05a73d303 {--mh-context-color-link: #262626;--mh-context-color-link--hover: #262626;--mh-context-background-color-link: #fefdf7;--mh-context-background-color-link--hover: #ffb429;}<\/style>\n\n\n<a  class=\"mh-button mh-button--a5feff721a7528eca5f3423265545d0f mh-button--custom\"\n      href=\"https:\/\/ostbelgienlive.be\/desktopdefault.aspx\/tabid-8428\/\"\n    target=\"_self\"\n    rel=\"\"\n        >\n\n      <span class=\"mh-anchor-label\">\n      <span class=\"\">Impfkalender<\/span>    <\/span>\n      <\/a>\n\n<style>.mh-button--a5feff721a7528eca5f3423265545d0f {--mh-button-border-width: 2px;--mh-button-border-color: #ffb429;--mh-button-border-style: solid;}<\/style><style>.mh-button--a5feff721a7528eca5f3423265545d0f {--mh-button-border-width--hover: 2px;--mh-button-border-color--hover: #ffb429;--mh-button-border-style--hover: solid;}<\/style><style>.mh-button--a5feff721a7528eca5f3423265545d0f {--mh-button-border-top-left-radius: 50px;--mh-button-border-top-right-radius: 50px;--mh-button-border-bottom-right-radius: 50px;--mh-button-border-bottom-left-radius: 50px;}<\/style><style>.mh-button--a5feff721a7528eca5f3423265545d0f {--mh-button-border-top-left-radius--hover: 50px;--mh-button-border-top-right-radius--hover: 50px;--mh-button-border-bottom-right-radius--hover: 50px;--mh-button-border-bottom-left-radius--hover: 50px;}<\/style><style>.mh-button--a5feff721a7528eca5f3423265545d0f {--mh-context-color-link: #262626;--mh-context-color-link--hover: #262626;--mh-context-background-color-link: #fefdf7;--mh-context-background-color-link--hover: #ffb429;}<\/style>\n<\/div>\n\n<hr class=\"mh-spacer mh-spacer--0964ebd1ebd08155d846a1d84403df7d\" aria-hidden=\"true\" \/>\n<style>.mh-spacer--0964ebd1ebd08155d846a1d84403df7d {--mh-spacer-height--l: 40px;--mh-spacer-height--m: 32px;--mh-spacer-height--s: 20px;}<\/style><style>.mh-spacer--0964ebd1ebd08155d846a1d84403df7d {--mh-spacer-background-image: none;}<\/style>\n\n<h4  class=\"mh-heading mh-heading--fd0d37baf6d103928a79be7f86a7b357\"><strong><em>\u201cWaarom is het poliovaccin nog altijd verplicht?\u201d<\/em><\/strong><\/h4><style>.mh-heading--fd0d37baf6d103928a79be7f86a7b357 {--mh-heading-background-image: none;}<\/style>\n\n\n<p\n    class=\"mh-paragraph mh-paragraph--4f981867dea1223aedaa9163362404d8\"\n    >\n    De poliovaccinatie is sinds 1967 verplicht en <strong>heeft ervoor gezorgd dat deze zeer besmettelijke virale infectie<\/strong>, die vooral kinderen jonger dan 5 jaar treft en in zeldzame gevallen leidt tot onomkeerbare verlamming, <strong>in ons land is uitgeroeid<\/strong>. Maar waarom blijft de vaccinatieplicht dan bestaan, als er sinds 1979 geen enkel geval van polio meer is geregistreerd in Belgi\u00eb? Simpelweg omdat <strong>polio in sommige landen wel nog altijd voorkomt<\/strong> en een <strong>daling van de vaccinatiegraad<\/strong> ervoor zou kunnen zorgen dat de aandoening <strong>opnieuw de kop opsteekt in Belgi\u00eb<\/strong>. Voor reizigers die naar gebieden gaan waar het virus nog altijd circuleert, wordt trouwens een herhalingsvaccinatie aanbevolen.<sup>1<\/sup><\/p>\n<style>.mh-paragraph--4f981867dea1223aedaa9163362404d8 {--mh-paragraph-background-image: none;}<\/style>\n<\/div>\n<style>.mh-column--32b665eeeaea2a3403df7238f4f5b24f {--mh-column-background-image: none;}<\/style>\n    <\/div>\n<\/div>\n\n\n<hr class=\"mh-spacer mh-spacer--0964ebd1ebd08155d846a1d84403df7d\" aria-hidden=\"true\" \/>\n<style>.mh-spacer--0964ebd1ebd08155d846a1d84403df7d {--mh-spacer-height--l: 40px;--mh-spacer-height--m: 32px;--mh-spacer-height--s: 20px;}<\/style><style>.mh-spacer--0964ebd1ebd08155d846a1d84403df7d {--mh-spacer-background-image: none;}<\/style>\n\n\n<p\n    class=\"mh-paragraph mh-paragraph--095221592608cd451d8e3c40f3fa4023\"\n    >\n    <a href=\"#vragen\"><strong>Bekijk alle vragen \u2191<\/strong><\/a><\/p>\n<style>.mh-paragraph--095221592608cd451d8e3c40f3fa4023 {--mh-paragraph-font-size--l: 1.375rem;}<\/style><style>.mh-paragraph--095221592608cd451d8e3c40f3fa4023 {--mh-paragraph-text-color: #000000;--mh-paragraph-anchor-color: #000000;--mh-paragraph-anchor-hover-color: #000000;}<\/style><style>.mh-paragraph--095221592608cd451d8e3c40f3fa4023 {--mh-paragraph-background-image: none;}<\/style><style>.mh-paragraph--095221592608cd451d8e3c40f3fa4023 {--mh-context-color-link: #000000;--mh-context-color-link--hover: #000000;--mh-context-border-bottom-color-link--hover: #ffb429;}<\/style>\n\n<hr class=\"mh-spacer mh-spacer--c291664780b6a8288f8a997c14cb1387\" aria-hidden=\"true\" \/>\n<style>.mh-spacer--c291664780b6a8288f8a997c14cb1387 {--mh-spacer-height--l: 60px;--mh-spacer-height--m: 40px;--mh-spacer-height--s: 20px;}<\/style><style>.mh-spacer--c291664780b6a8288f8a997c14cb1387 {--mh-spacer-background-image: none;}<\/style>\n\n<h3  id=\"doeltreffendheid-veiligheid-risicos\" class=\"mh-heading mh-heading--6b6f54febd8dbbe0b74e92afbe9d9bb7 mh-heading--with-background-image\"><span class=\"screen-reader-text\"><strong>Doeltreffendheid, veiligheid, risico\u2019s?<\/strong><\/span>        <img decoding=\"async\" class=\"\" src=\"https:\/\/vaccikids.be\/nl\/wp-content\/uploads\/sites\/662\/2026\/06\/Doeltreffendheid-veiligheid-risicos_.png?quality=80&#038;lossy=1\" width=\"1780\" height=\"103\" loading=\"lazy\" alt=\"Doeltreffendheid, veiligheid, risico\u2019s?\" \/><br \/>\n    <\/h3><style>.mh-heading--6b6f54febd8dbbe0b74e92afbe9d9bb7 {--mh-heading-padding-right--l: 300px;--mh-heading-padding-right--m: 300px;}<\/style><style>.mh-heading--6b6f54febd8dbbe0b74e92afbe9d9bb7 {--mh-heading-background-image: none;}<\/style>\n\n<div class=\"mh-columns mh-columns--vertical-alignment-center mh-column--034cef51d7c8786a966264409d2bfeca mh-columns--gutter-m\">\n    <div class=\"mh-columns-inner\">\n        \n<div class=\"mh-column mh-column--1a7f66417858d538d503b0e18b6e6ee1 mh-column--12 mh-column--m-8 mh-column--l-8 mh-column--offset-m-2 mh-column--offset-l-2\">\n    \n<h4  class=\"mh-heading mh-heading--05f36441206cac0e10b8eecaf66e830a\"><strong>\u201c<em>Waarop moet ik letten bij vaccinatie?<\/em>\u201d<\/strong><\/h4><style>.mh-heading--05f36441206cac0e10b8eecaf66e830a {--mh-heading-background-image: none;}<\/style>\n\n\n<p>Het is <strong>essentieel dat u uw baby laat vaccineren om hem te helpen beschermen<\/strong>, maar veel ouders zitten met vragen over de mogelijke gevolgen hiervan. Welke symptomen zijn normaal? Wanneer moet ik met mijn kind naar de dokter? En wat met kinderen die allergie\u00ebn of astma hebben?<br>In dit filmpje beantwoordt Prof. Marijke Proesmans van UZ Leuven de meestgestelde vragen van ouders:<\/p>\n\n\n\n<ul class=\"mh-v2-clist mh-v2-clist--1b982b52af7c7e202d19d13497b18c60 mh-v2-clist--dot\"  >\n\n\n<li>\n    Welke reacties zijn normaal na een vaccinatie en wat kan ik er thuis tegen doen?    <\/li>\n\n\n\n<li>\n    Wanneer moet ik me zorgen maken en naar de spoeddienst gaan?    <\/li>\n\n\n\n<li>\n    Houdt vaccinatie meer risico&#8217;s in voor kinderen met allergie\u00ebn of astma?    <\/li>\n\n<\/ul>\n<style>.mh-v2-clist--1b982b52af7c7e202d19d13497b18c60 {--mh-v2-clist-counter-reset: item 0;}<\/style><style>.mh-v2-clist--1b982b52af7c7e202d19d13497b18c60 {--mh-v2-clist-background-image: none;}<\/style>\n\n<div id=\"video2\" class=\"mh-box mh-box--73cb4f60a90b433eadf8fa655aa50ccd mh-box--no-background-image\">\n    \n\n<p\n    class=\"mh-paragraph mh-paragraph--f82d6a8d325a9533ab922f0e7923d577\"\n    >\n    \u00a0<\/p>\n<style>.mh-paragraph--f82d6a8d325a9533ab922f0e7923d577 {--mh-paragraph-background-image: none;}<\/style>\n<\/div>\n<style>.mh-box--73cb4f60a90b433eadf8fa655aa50ccd {--mh-box-background-image: none;}<\/style>\n\n\n<div  class=\"inpsyde-brightcove__player\" style=\"position: relative\">\n\n    \n    <video-js class=\"video-js vjs-16-9\" data-embed=\"default\" data-player=\"wpDhMYhEmz\" data-account=\"4090876667001\" data-video-id=\"6396278475112\" aria-label=\"Video\" controls><\/video-js>\n\n    \n    <script src=\"https:\/\/players.brightcove.net\/4090876667001\/wpDhMYhEmz_default\/index.min.js\"><\/script>\n<\/div>\n\n<hr class=\"mh-spacer mh-spacer--0964ebd1ebd08155d846a1d84403df7d\" aria-hidden=\"true\" \/>\n<style>.mh-spacer--0964ebd1ebd08155d846a1d84403df7d {--mh-spacer-height--l: 40px;--mh-spacer-height--m: 32px;--mh-spacer-height--s: 20px;}<\/style><style>.mh-spacer--0964ebd1ebd08155d846a1d84403df7d {--mh-spacer-background-image: none;}<\/style>\n\n<h4  class=\"mh-heading mh-heading--2422ffee5444b759dd9904deb38b96b8\"><em><strong>\u201cZijn vaccins echt doeltreffend? Kunnen ze soms \u2018falen\u2019?\u201d<\/strong><\/em><\/h4><style>.mh-heading--2422ffee5444b759dd9904deb38b96b8 {--mh-heading-background-image: none;}<\/style>\n\n\n<p>Vaccins zijn <strong>heel doeltreffend in het voorkomen van ernstige ziektes en ziekenhuisopnames<\/strong>. Het mazelenvaccin (MBR of mazelen-bof-rodehond) beschermt bijvoorbeeld ongeveer 99% van de mensen na twee dosissen.<sup>1<\/sup> <strong>Geen enkel vaccin is <\/strong>in alle situaties en bij iedereen<strong> 100% doeltreffend<\/strong>.<\/p>\n\n\n\n<p>Er zijn <strong>twee redenen<\/strong> waarom een vaccin <strong>kan \u2018falen\u2019<\/strong>:<\/p>\n\n\n\n<ul class=\"mh-v2-clist mh-v2-clist--ac7a5c00162a1740d4de64bf42fc049f mh-v2-clist--dot\"  >\n\n\n<li>\n    <strong>Het immuunsysteem van de persoon reageert niet<\/strong> (zelden) of onvoldoende op de vaccinatie.    <\/li>\n\n\n\n<li>\n    <strong>De immuniteit neemt na verloop van tijd af<\/strong>.    <\/li>\n\n<\/ul>\n<style>.mh-v2-clist--ac7a5c00162a1740d4de64bf42fc049f {--mh-v2-clist-counter-reset: item 0;}<\/style><style>.mh-v2-clist--ac7a5c00162a1740d4de64bf42fc049f {--mh-v2-clist-background-image: none;}<\/style>\n\n\n<p>Als de vaccinatiegraad van de bevolking, met andere woorden het <strong>percentage van de bevolking dat tegen een specifieke ziekte is gevaccineerd, voldoende hoog is<\/strong>, ontstaat er een <strong>collectieve immuniteit<\/strong>, die kwetsbare personen helpt beschermen door de <strong>verspreiding van virale en bacteri\u00eble micro-organismen te beperken<\/strong>.<\/p>\n\n\n\n<p><strong>U kunt vaccinatie vergelijken met een \u2018veiligheidsgordel\u2019<\/strong>: de doeltreffendheid is niet onfeilbaar!<\/p>\n\n\n<hr class=\"mh-spacer mh-spacer--0964ebd1ebd08155d846a1d84403df7d\" aria-hidden=\"true\" \/>\n<style>.mh-spacer--0964ebd1ebd08155d846a1d84403df7d {--mh-spacer-height--l: 40px;--mh-spacer-height--m: 32px;--mh-spacer-height--s: 20px;}<\/style><style>.mh-spacer--0964ebd1ebd08155d846a1d84403df7d {--mh-spacer-background-image: none;}<\/style>\n\n<h4  class=\"mh-heading mh-heading--b74507aa15f979009805f55fb5375d84\"><strong>\u201c<\/strong><em><strong>Komen bijwerkingen bij baby\u2019s vaak voor? Wegen de voordelen echt op tegen de risico<em><strong>\u2019<\/strong><\/em>s?<\/strong><\/em><strong>\u201d<\/strong><\/h4><style>.mh-heading--b74507aa15f979009805f55fb5375d84 {--mh-heading-background-image: none;}<\/style>\n\n\n<p>Tegenwoordig doet er <strong>veel verkeerde of niet-geverifieerde informatie<\/strong> de ronde, met name over de bijwerkingen van vaccinaties.<\/p>\n\n\n\n<p>Het is belangrijk om te weten dat er<strong> gemiddeld tien tot vijftien jaar onderzoek en klinische studies voorafgaat aan de lancering van een vaccin<\/strong>. Na het onderzoek en de laboratoriumproeven worden tests bij proefpersonen uitgevoerd om de werkzaamheid en veiligheid van het vaccin te controleren. Als laatste stap keuren de gezondheidsinstanties het vaccin goed en verlenen ze de producent een <strong>\u2018vergunning voor het in de handel brengen\u2019 (VHB)<\/strong>. Zodra het vaccin op de markt is gebracht, wordt het <strong>voortdurend gemonitord<\/strong> zolang het gebruikt wordt.<\/p>\n\n\n\n<p>De meestvoorkomende <strong>bijwerkingen<\/strong> van vaccinaties zijn <strong>doorgaans licht en tijdelijk<\/strong>. Bijvoorbeeld een lokale reactie die een beetje pijn doet en\/of een zwelling op de injectieplaats, alsook koorts en spier- of gewrichtspijn. Die symptomen wijzen erop dat het lichaam op het vaccin reageert. <strong>Ernstige bijwerkingen, zoals een anafylactische shock, komen uiterst zelden voor.<\/strong><sup>1<\/sup><\/p>\n\n\n<div class=\"mh-columns mh-column--76635bc0e213a90079719ce77c2d5a37 mh-columns--gutter-m\">\n    <div class=\"mh-columns-inner\">\n        \n<div class=\"mh-column mh-column--777a75e15e733887b8f6ee41542e770a mh-column--12 mh-column--m-7 mh-column--l-7\">\n    \n\n<p><strong>De voordelen van vaccinaties zijn daarentegen talrijk<\/strong>. Ze bieden onder andere zogenaamde<strong> \u2018individuele bescherming\u2019<\/strong>. Vaccinatie <strong>helpt ons met andere woorden te beschermen tegen ernstige vormen van de ziekte<\/strong> en vermindert aanzienlijk het risico om ziek te worden, complicaties te krijgen of gevolgen over te houden aan een infectie met een bacterie of virus die door vaccinatie kan worden voorkomen.<\/p>\n\n\n\n<p>Een ander groot voordeel van vaccins is de <strong>collectieve bescherming<\/strong> of \u2018groepsimmuniteit\u2019 die vaccinatie biedt, <strong>als de vaccinatiegraad voldoende hoog is<\/strong>. <strong>Hoe meer mensen gevaccineerd zijn, hoe minder microben er circuleren<\/strong>. Zo worden <strong>kwetsbare personen beter beschermd<\/strong>.<\/p>\n\n\n\n<ul class=\"mh-v2-clist mh-v2-clist--107a6e1a42d879e0fda57364e406c1c1 mh-v2-clist--dot\"  >\n\n\n<li>\n    Dat zijn bijvoorbeeld individuen die <strong>nog niet zijn gevaccineerd<\/strong> (onder meer pasgeboren baby&#8217;s, die te jong zijn om te worden gevaccineerd).    <\/li>\n\n\n\n<li>\n    Ook mensen die <strong>niet in staat zijn om antistoffen (afweercellen) aan te maken<\/strong>, zoals <strong>immuungecompromitteerde mensen<\/strong> en mensen die <strong>niet reageren op vaccins, worden zo beter beschermd<\/strong>.    <\/li>\n\n<\/ul>\n<style>.mh-v2-clist--107a6e1a42d879e0fda57364e406c1c1 {--mh-v2-clist-counter-reset: item 0;}<\/style><style>.mh-v2-clist--107a6e1a42d879e0fda57364e406c1c1 {--mh-v2-clist-background-image: none;}<\/style>\n<\/div>\n<style>.mh-column--777a75e15e733887b8f6ee41542e770a {--mh-column-background-image: none;}<\/style>\n\n<div class=\"mh-column mh-column--0a0ad5368118ccc413c951e40fa2b5c5 mh-column--12 mh-column--m-5 mh-column--l-5\">\n    \n    <figure class=\"mh-image mh-image--1e76443f0c0ea4c100e744da2aee0c33\" >\n                            <img decoding=\"async\"\n        class=\"\"\n        src=\"https:\/\/vaccikids.be\/nl\/wp-content\/uploads\/sites\/662\/2026\/01\/baby1.png?w=536&#038;quality=80&#038;lossy=1\"\n        width=\"536\"\n        height=\"500\"\n        loading=\"lazy\"\n        alt=\"\"\n            \/>\n                        <\/figure>\n\n<\/div>\n<style>.mh-column--0a0ad5368118ccc413c951e40fa2b5c5 {--mh-column-background-image: none;}<\/style>\n    <\/div>\n<\/div>\n\n\n\n<p>Tot slot zorgt vaccinatie ook voor een <strong>immunologisch geheugen<\/strong>: sommige vaccins <strong>bieden langdurige bescherming, omdat het immuunsysteem de blootstelling \u2018onthoudt\u2019.<\/strong> Andere keren zijn dan weer herhalingsvaccins nodig om dat immunologische geheugen opnieuw te stimuleren.<\/p>\n\n\n\n<p\n    class=\"mh-paragraph mh-paragraph--e80cce17f9fff66f67ee67d68df1170c\"\n    >\n    <strong>Voor alle vaccins die opgenomen zijn in het vaccinatieschema voor kinderen, is de baten-risicoverhouding gunstig voor vaccinatie. <\/strong>Bovendien wordt de veiligheid van de vaccins voortdurend gemonitord.<\/p>\n<style>.mh-paragraph--e80cce17f9fff66f67ee67d68df1170c {--mh-paragraph-background-image: none;}<\/style>\n\n<div class=\"mh-box mh-box--32a70af44a82acbc993106725b837115 mh-box--has-background-image\">\n    \n<h3  class=\"mh-heading mh-heading--center mh-heading--96ced73e6f4488b9167239ad94f929da mh-heading--with-background-image\"><span class=\"screen-reader-text\">\u201cSamengevat: <strong>de baten-risicoverhouding<\/strong> is in het voordeel van vaccins, en hun veiligheidsprofiel wordt voortdurend opgevolgd.\u201d<\/span>        <img decoding=\"async\" class=\"\" src=\"https:\/\/vaccikids.be\/nl\/wp-content\/uploads\/sites\/662\/2026\/06\/Samengevat_-de-baten-risicoverhouding-is-in-het-voordeel-van-vaccins-en-hun-veiligheidsprofiel-wordt-voortdurend-opgevolgd.png?w=1024&#038;quality=80&#038;lossy=1\" width=\"1024\" height=\"156\" loading=\"lazy\" alt=\"\u201cSamengevat: de baten-risicoverhouding is in het voordeel van vaccins, en hun veiligheidsprofiel wordt voortdurend opgevolgd.\u201d\" \/><br \/>\n    <\/h3><style>.mh-heading--96ced73e6f4488b9167239ad94f929da {--mh-heading-padding-top--l: 80px;--mh-heading-padding-right--l: 80px;--mh-heading-padding-bottom--l: 20px;--mh-heading-padding-left--l: 80px;--mh-heading-padding-top--m: 40px;--mh-heading-padding-right--m: 40px;--mh-heading-padding-bottom--m: 20px;--mh-heading-padding-left--m: 40px;--mh-heading-padding-top--s: 30px;--mh-heading-padding-right--s: 30px;--mh-heading-padding-bottom--s: 10px;--mh-heading-padding-left--s: 30px;}<\/style><style>.mh-heading--96ced73e6f4488b9167239ad94f929da {--mh-heading-background-image: none;}<\/style>\n\n\n<p\n    class=\"mh-paragraph mh-paragraph--center mh-paragraph--2abac8a77a8ed095176eaaa9702e0ff7\"\n    >\n    <strong>Prof. Marijke Proesmans<\/strong><\/p>\n<style>.mh-paragraph--2abac8a77a8ed095176eaaa9702e0ff7 {--mh-paragraph-background-image: none;}<\/style>\n<\/div>\n<style>.mh-box--32a70af44a82acbc993106725b837115 {--mh-box-padding-top--l: 40px;--mh-box-padding-right--l: 40px;--mh-box-padding-bottom--l: 40px;--mh-box-padding-left--l: 40px;--mh-box-padding-top--m: 30px;--mh-box-padding-right--m: 30px;--mh-box-padding-bottom--m: 30px;--mh-box-padding-left--m: 30px;--mh-box-padding-top--s: 20px;--mh-box-padding-right--s: 20px;--mh-box-padding-bottom--s: 20px;--mh-box-padding-left--s: 20px;}<\/style><style>.mh-box--32a70af44a82acbc993106725b837115 {--mh-box-background-image: url(https:\/\/vaccikids.be\/nl\/wp-content\/uploads\/sites\/662\/2026\/01\/quote-home-bg.png?quality=80&lossy=1);--mh-box-background-position: 50% 50%;}<\/style>\n\n<hr class=\"mh-spacer mh-spacer--0964ebd1ebd08155d846a1d84403df7d\" aria-hidden=\"true\" \/>\n<style>.mh-spacer--0964ebd1ebd08155d846a1d84403df7d {--mh-spacer-height--l: 40px;--mh-spacer-height--m: 32px;--mh-spacer-height--s: 20px;}<\/style><style>.mh-spacer--0964ebd1ebd08155d846a1d84403df7d {--mh-spacer-background-image: none;}<\/style>\n\n<h4  class=\"mh-heading mh-heading--eea137cd0a12a1fd66d56ac7e51563c9\"><em><strong>\u201cIs er geen risico op allergie als mijn baby meerdere vaccins na elkaar krijgt?\u201d<\/strong><\/em><\/h4><style>.mh-heading--eea137cd0a12a1fd66d56ac7e51563c9 {--mh-heading-background-image: none;}<\/style>\n\n\n<p>Een allergie is een overdreven reactie van het immuunsysteem op een stof (allergeen) die normaal gesproken onschadelijk is, maar ten onrechte als een bedreiging wordt gezien: pollen, voedsel, maar soms ook geneesmiddelen en dus ook vaccins. <strong>Wanneer er een allergische reactie optreedt, is die meestal echter te wijten aan een bestanddeel van het vaccin<\/strong>, bijvoorbeeld een stabilisator of conserveermiddel, en niet aan het vaccin als geheel. Bovendien zijn <strong>de symptomen<\/strong>, of ze nu onmiddellijk optreden (bv. roodheid, jeuk, kortademigheid) of pas later (bv. lichte koorts, pijn, vermoeidheid), doorgaans <strong>niet ernstig.<\/strong><\/p>\n\n\n\n<p\n    class=\"mh-paragraph mh-paragraph--80b01d2110a3d434cbc6a7b66a534564\"\n    >\n    <strong>In zeer zeldzame gevallen (1 op de 1 miljoen vaccinaties)<\/strong> kan er na een vaccinatie <strong>een ernstige allergische reactie optreden<\/strong>. Een dergelijke \u2018anafylactische shock\u2019 <strong>treedt meestal op binnen 15-20 minuten na injectie<\/strong> van het vaccin en moet behandeld worden met adrenaline. Netelroos, zwelling van de ogen of het gezicht, moeite met ademhalen of slikken, plotselinge daling van de bloeddruk met bewustzijnsverlies? Om die mogelijke symptomen op te merken, <strong>wordt na de vaccinatie altijd in een observatieperiode van 15 minuten voorzien<\/strong>.<sup>1<\/sup><\/p>\n<style>.mh-paragraph--80b01d2110a3d434cbc6a7b66a534564 {--mh-paragraph-background-image: none;}<\/style>\n\n<hr class=\"mh-spacer mh-spacer--0964ebd1ebd08155d846a1d84403df7d\" aria-hidden=\"true\" \/>\n<style>.mh-spacer--0964ebd1ebd08155d846a1d84403df7d {--mh-spacer-height--l: 40px;--mh-spacer-height--m: 32px;--mh-spacer-height--s: 20px;}<\/style><style>.mh-spacer--0964ebd1ebd08155d846a1d84403df7d {--mh-spacer-background-image: none;}<\/style>\n\n<h4  class=\"mh-heading mh-heading--47f3121704a60ea453e1eca6b9a94912\"><em><strong>\u201cMijn kind is allergisch of astmatisch: brengt vaccinatie meer risico&#8217;s met zich mee?\u201d<\/strong><\/em><\/h4><style>.mh-heading--47f3121704a60ea453e1eca6b9a94912 {--mh-heading-background-image: none;}<\/style>\n\n\n<p\n    class=\"mh-paragraph mh-paragraph--455b00c3352d8c29975ecbd94246965c\"\n    >\n    <strong>Astma en eczeem zijn geen contra-indicaties voor vaccinatie<\/strong>.<sup>1<\/sup> Integendeel, aangezien kinderen met astma gevoeliger zijn voor luchtweginfecties, kan astma net een <strong>indicatie<\/strong> zijn voor bepaalde aanvullende griepvaccinaties. Uw kinderarts of behandelend arts, die op de hoogte is van de situatie, zal het vaccinatieschema afstemmen op de gezondheidstoestand van uw kind en de reacties in de gaten houden.<\/p>\n<style>.mh-paragraph--455b00c3352d8c29975ecbd94246965c {--mh-paragraph-background-image: none;}<\/style>\n\n<hr class=\"mh-spacer mh-spacer--0964ebd1ebd08155d846a1d84403df7d\" aria-hidden=\"true\" \/>\n<style>.mh-spacer--0964ebd1ebd08155d846a1d84403df7d {--mh-spacer-height--l: 40px;--mh-spacer-height--m: 32px;--mh-spacer-height--s: 20px;}<\/style><style>.mh-spacer--0964ebd1ebd08155d846a1d84403df7d {--mh-spacer-background-image: none;}<\/style>\n\n<h4  class=\"mh-heading mh-heading--64dc826d5dc8d599f6f9210d6290e6ac\"><em><strong>\u201cZijn combinatievaccins (tegen meerdere ziektes) even doeltreffend als afzonderlijke vaccins (tegen \u00e9\u00e9n ziekte)?<\/strong><em><sup><strong>1<\/strong><\/sup><strong>\u201d<\/strong><\/em><\/em><\/h4><style>.mh-heading--64dc826d5dc8d599f6f9210d6290e6ac {--mh-heading-background-image: none;}<\/style>\n\n\n<p\n    class=\"mh-paragraph mh-paragraph--dd6667a9ac90a2731ca4d224b9ef23bb\"\n    >\n    Absoluut. Talrijke studies met grote steekproeven van de bevolking waarin combinatievaccins werden vergeleken met dezelfde vaccins die afzonderlijk waren toegediend, hebben het volgende aangetoond: <strong>de immuniteit verkregen door combinatievaccins is even goed als bij afzonderlijke vaccins.<\/strong> Wat de veiligheid betreft, wijzen sommige studies op hevigere lokale reacties bij gecombineerde vaccins, maar andere studies komen dan weer tot het tegenovergestelde resultaat. E\u00e9n ding staat vast: <strong>ernstige bijwerkingen blijven heel zeldzaam, of de vaccins nu gecombineerd of afzonderlijk worden toegediend.<sup>1<\/sup><\/strong><br \/>\n\u00a0<\/p>\n<style>.mh-paragraph--dd6667a9ac90a2731ca4d224b9ef23bb {--mh-paragraph-background-image: none;}<\/style>\n<\/div>\n<style>.mh-column--1a7f66417858d538d503b0e18b6e6ee1 {--mh-column-background-image: none;}<\/style>\n    <\/div>\n<\/div>\n\n\n<hr class=\"mh-spacer mh-spacer--0964ebd1ebd08155d846a1d84403df7d\" aria-hidden=\"true\" \/>\n<style>.mh-spacer--0964ebd1ebd08155d846a1d84403df7d {--mh-spacer-height--l: 40px;--mh-spacer-height--m: 32px;--mh-spacer-height--s: 20px;}<\/style><style>.mh-spacer--0964ebd1ebd08155d846a1d84403df7d {--mh-spacer-background-image: none;}<\/style>\n\n\n<p\n    class=\"mh-paragraph mh-paragraph--095221592608cd451d8e3c40f3fa4023\"\n    >\n    <a href=\"#vragen\"><strong>Bekijk alle vragen \u2191<\/strong><\/a><\/p>\n<style>.mh-paragraph--095221592608cd451d8e3c40f3fa4023 {--mh-paragraph-font-size--l: 1.375rem;}<\/style><style>.mh-paragraph--095221592608cd451d8e3c40f3fa4023 {--mh-paragraph-text-color: #000000;--mh-paragraph-anchor-color: #000000;--mh-paragraph-anchor-hover-color: #000000;}<\/style><style>.mh-paragraph--095221592608cd451d8e3c40f3fa4023 {--mh-paragraph-background-image: none;}<\/style><style>.mh-paragraph--095221592608cd451d8e3c40f3fa4023 {--mh-context-color-link: #000000;--mh-context-color-link--hover: #000000;--mh-context-border-bottom-color-link--hover: #ffb429;}<\/style>\n\n<hr class=\"mh-spacer mh-spacer--c291664780b6a8288f8a997c14cb1387\" aria-hidden=\"true\" \/>\n<style>.mh-spacer--c291664780b6a8288f8a997c14cb1387 {--mh-spacer-height--l: 60px;--mh-spacer-height--m: 40px;--mh-spacer-height--s: 20px;}<\/style><style>.mh-spacer--c291664780b6a8288f8a997c14cb1387 {--mh-spacer-background-image: none;}<\/style>\n\n<h3  id=\"vaccinatieschema\" class=\"mh-heading mh-heading--ed66b103452b5f061bb2633a7ba30022 mh-heading--with-background-image\"><span class=\"screen-reader-text\"><strong>Vaccinatieschema<\/strong><\/span>        <img decoding=\"async\" class=\"\" src=\"https:\/\/vaccikids.be\/nl\/wp-content\/uploads\/sites\/662\/2026\/06\/Vaccinatieschema.png?quality=80&#038;lossy=1\" width=\"1454\" height=\"156\" loading=\"lazy\" alt=\"Vaccinatieschema\" \/><br \/>\n    <\/h3><style>.mh-heading--ed66b103452b5f061bb2633a7ba30022 {--mh-heading-padding-right--l: 300px;--mh-heading-padding-right--m: 300px;}<\/style><style>.mh-heading--ed66b103452b5f061bb2633a7ba30022 {--mh-heading-background-image: none;}<\/style>\n\n<div class=\"mh-columns mh-column--b0e02b90fc2fdb5938e22aa737994a2c mh-columns--gutter-m\">\n    <div class=\"mh-columns-inner\">\n        \n<div class=\"mh-column mh-column--90cd0c259543d96dddbf5b41127b58df mh-column--12 mh-column--m-8 mh-column--l-8 mh-column--offset-m-2 mh-column--offset-l-2\">\n    \n<h4  class=\"mh-heading mh-heading--09a6ba9e3ecc5911eb84fba83cb6fe62\"><em><strong>\u201cWat moet ik zeker onthouden over het vaccinatieschema?\u201d<\/strong><\/em><\/h4><style>.mh-heading--09a6ba9e3ecc5911eb84fba83cb6fe62 {--mh-heading-background-image: none;}<\/style>\n\n\n<p>Het vaccinatieschema geeft een duidelijk overzicht van de vaccinaties die voor je kind aanbevolen zijn op elke leeftijd.<br>Het schema wordt opgesteld op basis van wetenschappelijke adviezen van de Hoge Gezondheidsraad en wordt in Vlaanderen uitgevoerd via het Vlaamse vaccinatieprogramma. Nieuwe studies en nieuwe vaccins worden regelmatig ge\u00ebvalueerd, met als doel kinderen zo goed mogelijk te beschermen met een optimaal aantal dosissen. Updates worden gepubliceerd wanneer nieuwe aanbevelingen worden goedgekeurd.<\/p>\n\n\n\n<p><strong>Goed om te weten<\/strong>: er bestaan <strong>twee verschillende vaccinatieschema\u2019s in Belgi\u00eb<\/strong>, omdat de vaccinatieaanbevelingen binnen de Vlaamse Gemeenschap en de Franse Gemeenschap beheerd worden door verschillende instanties: Kind en Gezin voor de Vlaamse Gemeenschap en het Office de la Naissance et de l\u2019Enfance voor de Franse Gemeenschap. Zo heeft de Vlaamse Gemeenschap in september 2025 het basisvaccinatieschema voor zuigelingen en kinderen gewijzigd. De tweede dosis van het <strong>gecombineerde vaccin tegen bof, mazelen en rodehond (BMR)<\/strong> wordt voortaan toegediend op de leeftijd van 24 maanden in plaats van op 9 jaar, met als doel zo snel mogelijk zoveel mogelijk kinderen tegen de mazelen te beschermen. Die wijziging kwam er na de toename van het aantal gevallen van de mazelen en is in overeenstemming met de richtlijnen van de Wereldgezondheidsorganisatie (WHO). De Franse Gemeenschap wijzigt haar vaccinatiestrategie niet&nbsp;\u2013 althans nog niet. Kinderen die in de Franse Gemeenschap wonen, krijgen de tweede dosis van het BMR-vaccin dus nog altijd op de leeftijd van 7-8 jaar (tweede jaar lager onderwijs).<\/p>\n\n\n\n<p>In Vlaanderen worden de aanbevolen vaccins voor kinderen en jongeren van 0 tot 18&nbsp;jaar gratis aangeboden via het Vlaamse vaccinatieprogramma.<\/p>\n\n\n\n<p\n    class=\"mh-paragraph mh-paragraph--f60ad726f829d0dc5e5dfa6be3685f9c\"\n    >\n    <strong><span style=\"text-decoration: underline\">Nuttige links:<\/span><\/strong><\/p>\n<style>.mh-paragraph--f60ad726f829d0dc5e5dfa6be3685f9c {--mh-paragraph-background-image: none;}<\/style>\n\n<div  class=\"mh-links mh-links--justified-start\">\n\n<a  class=\"mh-button mh-button--fb972701f80dcb516dbe55b6d80070e7 mh-button--custom\"\n      href=\"https:\/\/www.laatjevaccineren.be\/basisvaccinatieschema\"\n    target=\"_self\"\n    rel=\"\"\n        >\n\n      <span class=\"mh-anchor-label\">\n      <span class=\"\">Basisvaccinatieschema<\/span>    <\/span>\n      <\/a>\n\n<style>.mh-button--fb972701f80dcb516dbe55b6d80070e7 {--mh-button-border-width: 2px;--mh-button-border-color: #ffb429;--mh-button-border-style: solid;}<\/style><style>.mh-button--fb972701f80dcb516dbe55b6d80070e7 {--mh-button-border-width--hover: 2px;--mh-button-border-color--hover: #ffb429;--mh-button-border-style--hover: solid;}<\/style><style>.mh-button--fb972701f80dcb516dbe55b6d80070e7 {--mh-button-border-top-left-radius: 50px;--mh-button-border-top-right-radius: 50px;--mh-button-border-bottom-right-radius: 50px;--mh-button-border-bottom-left-radius: 50px;}<\/style><style>.mh-button--fb972701f80dcb516dbe55b6d80070e7 {--mh-button-border-top-left-radius--hover: 50px;--mh-button-border-top-right-radius--hover: 50px;--mh-button-border-bottom-right-radius--hover: 50px;--mh-button-border-bottom-left-radius--hover: 50px;}<\/style><style>.mh-button--fb972701f80dcb516dbe55b6d80070e7 {--mh-context-color-link: #262626;--mh-context-color-link--hover: #262626;--mh-context-background-color-link: #fefdf7;--mh-context-background-color-link--hover: #ffb429;}<\/style>\n\n\n<a  class=\"mh-button mh-button--5e901eee8b81deaa70d2d6b05a73d303 mh-button--custom\"\n      href=\"https:\/\/www.vaccination-info.be\/calendrier-de-vaccination\/\"\n    target=\"_self\"\n    rel=\"\"\n        >\n\n      <span class=\"mh-anchor-label\">\n      <span class=\"\">Calendrier de vaccination<\/span>    <\/span>\n      <\/a>\n\n<style>.mh-button--5e901eee8b81deaa70d2d6b05a73d303 {--mh-button-border-width: 2px;--mh-button-border-color: #ffb429;--mh-button-border-style: solid;}<\/style><style>.mh-button--5e901eee8b81deaa70d2d6b05a73d303 {--mh-button-border-width--hover: 2px;--mh-button-border-color--hover: #ffb429;--mh-button-border-style--hover: solid;}<\/style><style>.mh-button--5e901eee8b81deaa70d2d6b05a73d303 {--mh-button-border-top-left-radius: 50px;--mh-button-border-top-right-radius: 50px;--mh-button-border-bottom-right-radius: 50px;--mh-button-border-bottom-left-radius: 50px;}<\/style><style>.mh-button--5e901eee8b81deaa70d2d6b05a73d303 {--mh-button-border-top-left-radius--hover: 50px;--mh-button-border-top-right-radius--hover: 50px;--mh-button-border-bottom-right-radius--hover: 50px;--mh-button-border-bottom-left-radius--hover: 50px;}<\/style><style>.mh-button--5e901eee8b81deaa70d2d6b05a73d303 {--mh-context-color-link: #262626;--mh-context-color-link--hover: #262626;--mh-context-background-color-link: #fefdf7;--mh-context-background-color-link--hover: #ffb429;}<\/style>\n\n\n<a  class=\"mh-button mh-button--a5feff721a7528eca5f3423265545d0f mh-button--custom\"\n      href=\"https:\/\/ostbelgienlive.be\/desktopdefault.aspx\/tabid-8428\/\"\n    target=\"_self\"\n    rel=\"\"\n        >\n\n      <span class=\"mh-anchor-label\">\n      <span class=\"\">Impfkalender<\/span>    <\/span>\n      <\/a>\n\n<style>.mh-button--a5feff721a7528eca5f3423265545d0f {--mh-button-border-width: 2px;--mh-button-border-color: #ffb429;--mh-button-border-style: solid;}<\/style><style>.mh-button--a5feff721a7528eca5f3423265545d0f {--mh-button-border-width--hover: 2px;--mh-button-border-color--hover: #ffb429;--mh-button-border-style--hover: solid;}<\/style><style>.mh-button--a5feff721a7528eca5f3423265545d0f {--mh-button-border-top-left-radius: 50px;--mh-button-border-top-right-radius: 50px;--mh-button-border-bottom-right-radius: 50px;--mh-button-border-bottom-left-radius: 50px;}<\/style><style>.mh-button--a5feff721a7528eca5f3423265545d0f {--mh-button-border-top-left-radius--hover: 50px;--mh-button-border-top-right-radius--hover: 50px;--mh-button-border-bottom-right-radius--hover: 50px;--mh-button-border-bottom-left-radius--hover: 50px;}<\/style><style>.mh-button--a5feff721a7528eca5f3423265545d0f {--mh-context-color-link: #262626;--mh-context-color-link--hover: #262626;--mh-context-background-color-link: #fefdf7;--mh-context-background-color-link--hover: #ffb429;}<\/style>\n<\/div>\n\n<hr class=\"mh-spacer mh-spacer--0964ebd1ebd08155d846a1d84403df7d\" aria-hidden=\"true\" \/>\n<style>.mh-spacer--0964ebd1ebd08155d846a1d84403df7d {--mh-spacer-height--l: 40px;--mh-spacer-height--m: 32px;--mh-spacer-height--s: 20px;}<\/style><style>.mh-spacer--0964ebd1ebd08155d846a1d84403df7d {--mh-spacer-background-image: none;}<\/style>\n<\/div>\n<style>.mh-column--90cd0c259543d96dddbf5b41127b58df {--mh-column-background-image: none;}<\/style>\n    <\/div>\n<\/div>\n\n\n<hr class=\"mh-spacer mh-spacer--0964ebd1ebd08155d846a1d84403df7d\" aria-hidden=\"true\" \/>\n<style>.mh-spacer--0964ebd1ebd08155d846a1d84403df7d {--mh-spacer-height--l: 40px;--mh-spacer-height--m: 32px;--mh-spacer-height--s: 20px;}<\/style><style>.mh-spacer--0964ebd1ebd08155d846a1d84403df7d {--mh-spacer-background-image: none;}<\/style>\n\n\n<p\n    class=\"mh-paragraph mh-paragraph--095221592608cd451d8e3c40f3fa4023\"\n    >\n    <a href=\"#vragen\"><strong>Bekijk alle vragen \u2191<\/strong><\/a><\/p>\n<style>.mh-paragraph--095221592608cd451d8e3c40f3fa4023 {--mh-paragraph-font-size--l: 1.375rem;}<\/style><style>.mh-paragraph--095221592608cd451d8e3c40f3fa4023 {--mh-paragraph-text-color: #000000;--mh-paragraph-anchor-color: #000000;--mh-paragraph-anchor-hover-color: #000000;}<\/style><style>.mh-paragraph--095221592608cd451d8e3c40f3fa4023 {--mh-paragraph-background-image: none;}<\/style><style>.mh-paragraph--095221592608cd451d8e3c40f3fa4023 {--mh-context-color-link: #000000;--mh-context-color-link--hover: #000000;--mh-context-border-bottom-color-link--hover: #ffb429;}<\/style>\n\n<hr class=\"mh-spacer mh-spacer--c291664780b6a8288f8a997c14cb1387\" aria-hidden=\"true\" \/>\n<style>.mh-spacer--c291664780b6a8288f8a997c14cb1387 {--mh-spacer-height--l: 60px;--mh-spacer-height--m: 40px;--mh-spacer-height--s: 20px;}<\/style><style>.mh-spacer--c291664780b6a8288f8a997c14cb1387 {--mh-spacer-background-image: none;}<\/style>\n\n<h3  id=\"organisatie-van-de-vaccinatie\" class=\"mh-heading mh-heading--ae1d3229710851f9ceffaa17324caa71 mh-heading--with-background-image\"><span class=\"screen-reader-text\"><strong>Organisatie van de vaccinatie<\/strong><\/span>        <img decoding=\"async\" class=\"\" src=\"https:\/\/vaccikids.be\/nl\/wp-content\/uploads\/sites\/662\/2026\/06\/Organisatie-van-de-vaccinatie.png?quality=80&#038;lossy=1\" width=\"1688\" height=\"156\" loading=\"lazy\" alt=\"Organisatie van de vaccinatie\" \/><br \/>\n    <\/h3><style>.mh-heading--ae1d3229710851f9ceffaa17324caa71 {--mh-heading-padding-right--l: 300px;--mh-heading-padding-right--m: 300px;}<\/style><style>.mh-heading--ae1d3229710851f9ceffaa17324caa71 {--mh-heading-background-image: none;}<\/style>\n\n<div class=\"mh-columns mh-columns--vertical-alignment-center mh-column--4f009dab63a6835e5df4050abd6e2fe4 mh-columns--gutter-m\">\n    <div class=\"mh-columns-inner\">\n        \n<div class=\"mh-column mh-column--451d6ce593669208d3d09c2f11e63a14 mh-column--12 mh-column--m-8 mh-column--l-8 mh-column--offset-m-2 mh-column--offset-l-2\">\n    \n<h4  class=\"mh-heading mh-heading--abfd51c404f3480df7154a3af4fdb6d3\"><em><em><strong>\u201c<\/strong><\/em><strong>Wie mag mijn kind vaccineren?<\/strong><em><strong>\u201d<\/strong><\/em><\/em><\/h4><style>.mh-heading--abfd51c404f3480df7154a3af4fdb6d3 {--mh-heading-background-image: none;}<\/style>\n\n\n<p\n    class=\"mh-paragraph mh-paragraph--3a1d2f5221df93dc5243f430dc66f807\"\n    >\n    Tot de leeftijd van 6 jaar kan je terecht bij:<\/p>\n<style>.mh-paragraph--3a1d2f5221df93dc5243f430dc66f807 {--mh-paragraph-background-image: none;}<\/style>\n\n\n<ul class=\"mh-v2-clist mh-v2-clist--9ea41abb9e5ad9c227e621b099b2a230 mh-v2-clist--dot\"  >\n\n\n<li>\n    je huisarts of kinderarts    <\/li>\n\n\n\n<li>\n    een groepspraktijk of wijkgezondheidscentrum    <\/li>\n\n\n\n<li>\n    de consultaties van Kind en Gezin    <\/li>\n\n\n\n<li>\n    een pediatrische dienst in het ziekenhuis    <\/li>\n\n<\/ul>\n<style>.mh-v2-clist--9ea41abb9e5ad9c227e621b099b2a230 {--mh-v2-clist-counter-reset: item 0;}<\/style><style>.mh-v2-clist--9ea41abb9e5ad9c227e621b099b2a230 {--mh-v2-clist-background-image: none;}<\/style>\n\n\n<p>Voor kinderen en jongeren <strong>van 6 tot 18 jaar<\/strong> kan je terecht bij:<\/p>\n\n\n\n<ul class=\"mh-v2-clist mh-v2-clist--062918979f53259e1224a395cfaceeb1 mh-v2-clist--dot\"  >\n\n\n<li>\n    je huisarts of kinderarts    <\/li>\n\n\n\n<li>\n    een groepspraktijk of wijkgezondheidscentrum    <\/li>\n\n\n\n<li>\n    het Centrum voor Leerlingenbegeleiding (CLB) via de school    <\/li>\n\n<\/ul>\n<style>.mh-v2-clist--062918979f53259e1224a395cfaceeb1 {--mh-v2-clist-counter-reset: item 0;}<\/style><style>.mh-v2-clist--062918979f53259e1224a395cfaceeb1 {--mh-v2-clist-background-image: none;}<\/style>\n\n\n<p\n    class=\"mh-paragraph mh-paragraph--bda99efbbb6a6d4476ca445e881ff042\"\n    >\n    De vaccinaties die via het CLB worden aangeboden, zijn gratis en verlopen volgens het Vlaamse vaccinatieschema. Ouders worden vooraf ge\u00efnformeerd en geven toestemming voor de vaccinatie.<\/p>\n<style>.mh-paragraph--bda99efbbb6a6d4476ca445e881ff042 {--mh-paragraph-background-image: none;}<\/style>\n\n\n<p><strong>Opgelet!<\/strong><br>Apothekers mogen vaccins tegen griep en COVID-19 toedienen vanaf de leeftijd van 12 jaar. Voor jongeren tussen 12 en 16 jaar is ouderlijke toestemming vereist.<\/p>\n\n\n<hr class=\"mh-spacer mh-spacer--0964ebd1ebd08155d846a1d84403df7d\" aria-hidden=\"true\" \/>\n<style>.mh-spacer--0964ebd1ebd08155d846a1d84403df7d {--mh-spacer-height--l: 40px;--mh-spacer-height--m: 32px;--mh-spacer-height--s: 20px;}<\/style><style>.mh-spacer--0964ebd1ebd08155d846a1d84403df7d {--mh-spacer-background-image: none;}<\/style>\n\n<h4  class=\"mh-heading mh-heading--c44f652ad4d2cccb48351645eb307a40\"><em><em><em><strong>\u201c<\/strong><\/em><\/em><strong>Zijn de vaccins van mijn baby gratis?<\/strong><em><em><strong>\u201d<\/strong><\/em><\/em><\/em><\/h4><style>.mh-heading--c44f652ad4d2cccb48351645eb307a40 {--mh-heading-background-image: none;}<\/style>\n\n\n<p\n    class=\"mh-paragraph mh-paragraph--e38031d8177afabb53e415dde1cce82a\"\n    >\n    Voor de meeste vaccins: ja.<\/p>\n<style>.mh-paragraph--e38031d8177afabb53e415dde1cce82a {--mh-paragraph-background-image: none;}<\/style>\n\n\n<p\n    class=\"mh-paragraph mh-paragraph--62413a8def4552081b925054a5020aad\"\n    >\n    Na de geboorte ontvang je het Kindboekje (het gezondheidsboekje van Kind en Gezin). Dit boekje bevat belangrijke informatie over de ontwikkeling van je kind, het vaccinatieschema en ruimte om toegediende vaccins te registreren.<\/p>\n<style>.mh-paragraph--62413a8def4552081b925054a5020aad {--mh-paragraph-background-image: none;}<\/style>\n\n\n<p\n    class=\"mh-paragraph mh-paragraph--ac249850bd285937b1b9902d9304ea1a\"\n    >\n    De vaccins die deel uitmaken van het offici\u00eble Vlaamse basisvaccinatieschema voor kinderen en jongeren van 0 tot 18 jaar worden gratis aangeboden via het Vlaamse vaccinatieprogramma.<\/p>\n<style>.mh-paragraph--ac249850bd285937b1b9902d9304ea1a {--mh-paragraph-background-image: none;}<\/style>\n\n<div class=\"mh-columns mh-column--0102d54889ed292ed68f98dd85a7c4b0 mh-columns--gutter-m\">\n    <div class=\"mh-columns-inner\">\n        \n<div class=\"mh-column mh-column--2b7651cf3421cc8bfe1de959f45234f9 mh-column--12 mh-column--m-7 mh-column--l-7\">\n    \n\n<p\n    class=\"mh-paragraph mh-paragraph--3b5aedb971ede8437d72b69030ad8e12\"\n    >\n    Je kan hiervoor terecht bij:<\/p>\n<style>.mh-paragraph--3b5aedb971ede8437d72b69030ad8e12 {--mh-paragraph-background-image: none;}<\/style>\n\n\n<ul class=\"mh-v2-clist mh-v2-clist--565182675887b9762f68bdfc3d5de165 mh-v2-clist--dot\"  >\n\n\n<li>\n    Kind en Gezin    <\/li>\n\n\n\n<li>\n    je huisarts    <\/li>\n\n\n\n<li>\n    je kinderarts    <\/li>\n\n\n\n<li>\n    een ziekenhuisdienst.    <\/li>\n\n<\/ul>\n<style>.mh-v2-clist--565182675887b9762f68bdfc3d5de165 {--mh-v2-clist-counter-reset: item 0;}<\/style><style>.mh-v2-clist--565182675887b9762f68bdfc3d5de165 {--mh-v2-clist-background-image: none;}<\/style>\n\n\n<p\n    class=\"mh-paragraph mh-paragraph--1df68a2fd8c284366d79ab7dce239c5d\"\n    >\n    Zorgverleners bestellen de vaccins via Vaccinnet, het centrale registratiesysteem voor vaccinaties in Vlaanderen (<a href=\"https:\/\/www.vaccinnet.be\"><strong>www.vaccinnet.be<\/strong><\/a>). Toegediende vaccins worden geregistreerd in dit systeem en genoteerd in het gezondheidsboekje van je kind.<\/p>\n<style>.mh-paragraph--1df68a2fd8c284366d79ab7dce239c5d {--mh-paragraph-background-image: none;}<\/style>\n<\/div>\n<style>.mh-column--2b7651cf3421cc8bfe1de959f45234f9 {--mh-column-background-image: none;}<\/style>\n\n<div class=\"mh-column mh-column--f46c05a5a5431e44a9a1d7debd6c011a mh-column--12 mh-column--m-5 mh-column--l-5\">\n    \n    <figure class=\"mh-image mh-image--3fa4f051a507768fabbecd74846ca458\" >\n                            <img decoding=\"async\"\n        class=\"\"\n        src=\"https:\/\/vaccikids.be\/nl\/wp-content\/uploads\/sites\/662\/2026\/01\/baby2.png?w=536&#038;quality=80&#038;lossy=1\"\n        width=\"536\"\n        height=\"462\"\n        loading=\"lazy\"\n        alt=\"\"\n            \/>\n                        <\/figure>\n\n<\/div>\n<style>.mh-column--f46c05a5a5431e44a9a1d7debd6c011a {--mh-column-background-image: none;}<\/style>\n    <\/div>\n<\/div>\n\n\n\n<p><strong>Uitzondering: rotavirusvaccin<\/strong><br>Het vaccin tegen rotavirus (gastro-enteritis) is aanbevolen, maar wordt niet gratis ter beschikking gesteld binnen het Vlaamse vaccinatieprogramma.<sup>3<\/sup><\/p>\n\n\n\n<p>Je moet dit vaccin zelf aankopen in de apotheek op voorschrift van een arts. Het wordt gedeeltelijk terugbetaald via de ziekteverzekering, maar ouders betalen een remgeld per dosis.<\/p>\n\n\n\n<p>Rotavirusinfecties zijn in Belgi\u00eb zelden levensbedreigend, maar kunnen bij jonge kinderen leiden tot ernstige diaree, uitdroging en ziekenhuisopname.<sup>3<\/sup> Vaccinatie helpt om het risico op ernstige rotavirusinfecties en ziekenhuisopname te verminderen.<\/p>\n\n\n\n<p><strong>Goed om te weten<br><\/strong>Vaccins die niet tot het basisvaccinatieschema behoren&nbsp;\u2013 bijvoorbeeld reisvaccins&nbsp;\u2013 moeten via de apotheek worden aangekocht op voorschrift. Sommige van deze vaccins worden gedeeltelijk terugbetaald via de ziekteverzekering of aanvullende tussenkomst van de mutualiteit.<\/p>\n\n\n<hr class=\"mh-spacer mh-spacer--0964ebd1ebd08155d846a1d84403df7d\" aria-hidden=\"true\" \/>\n<style>.mh-spacer--0964ebd1ebd08155d846a1d84403df7d {--mh-spacer-height--l: 40px;--mh-spacer-height--m: 32px;--mh-spacer-height--s: 20px;}<\/style><style>.mh-spacer--0964ebd1ebd08155d846a1d84403df7d {--mh-spacer-background-image: none;}<\/style>\n\n<h4  class=\"mh-heading mh-heading--b9517a37dd6c00b6c9345cff06ab25b7\"><em><em><em><strong>\u201c<\/strong><\/em><\/em><strong>Mijn kind is verkouden. Mag het een vaccin krijgen?<\/strong><em><em><strong>\u201d<\/strong><\/em><\/em><\/em><\/h4><style>.mh-heading--b9517a37dd6c00b6c9345cff06ab25b7 {--mh-heading-background-image: none;}<\/style>\n\n\n<p><strong>Ja, de vaccinatie kan doorgaan<\/strong>, toch als uw kind alleen een lichte verkoudheid heeft, met milde symptomen: loopneus, niezen, lichte hoest enz. <strong>Als u een vaccinatie uitstelt<\/strong>, stelt u ook de bescherming uit die het vaccin biedt tegen de ziekte. Probeer uitstel dus zoveel mogelijk te vermijden, tenzij er ernstige contra-indicaties zijn.<\/p>\n\n\n\n<p>Heeft uw kind echter <strong>hoge koorts<\/strong> (meer dan 38,5 \u00b0C) en\/of <strong>ademhalingsmoeilijkheden<\/strong> of is het abnormaal prikkelbaar of net lusteloos? Dan is het meestal wel beter om de vaccinatie uit te stellen, niet vanwege enig gevaar, maar voor het comfort van het kind en om een onderscheid te kunnen maken tussen koorts door de vaccinatie en koorts als gevolg van de ziekte. <strong>Uw arts beslist of de vaccinatie moet worden uitgesteld<\/strong>.<sup>1<\/sup><\/p>\n\n\n<hr class=\"mh-spacer mh-spacer--0964ebd1ebd08155d846a1d84403df7d\" aria-hidden=\"true\" \/>\n<style>.mh-spacer--0964ebd1ebd08155d846a1d84403df7d {--mh-spacer-height--l: 40px;--mh-spacer-height--m: 32px;--mh-spacer-height--s: 20px;}<\/style><style>.mh-spacer--0964ebd1ebd08155d846a1d84403df7d {--mh-spacer-background-image: none;}<\/style>\n\n<h4  class=\"mh-heading mh-heading--7e62075a7ed86a5bc9afa63f8c646340\"><em><em><em><strong>\u201c<\/strong><\/em><\/em><strong>Welke reacties zijn normaal na een vaccinatie? Wat kan ik er thuis tegen doen?<\/strong><em><em><strong>\u201d<\/strong><\/em><\/em><\/em><\/h4><style>.mh-heading--7e62075a7ed86a5bc9afa63f8c646340 {--mh-heading-background-image: none;}<\/style>\n\n\n<p\n    class=\"mh-paragraph mh-paragraph--4f7b6e6923767880612226d644518fba\"\n    >\n    Binnen 12 tot 24 uur kunnen bepaalde symptomen optreden, zoals lichte koorts, pijn, roodheid of zwelling op de injectieplaats, en kan uw kind chagrijnig zijn. Zulke reacties zijn volstrekt normaal. Ze bewijzen dat het immuunsysteem op het vaccin reageert. Raadpleeg uw arts voor advies over het verlichten van pijn of koorts. Het kan ook gebeuren dat het lichaamsdeel waar het vaccin is toegediend gezwollen, warm en pijnlijk wordt. In dat geval wordt aanbevolen om het kind pijnstillers te geven en ijs tegen die plaats te houden. Als de reactie langer dan 24 uur aanhoudt, is het raadzaam om een arts te raadplegen.<\/p>\n<style>.mh-paragraph--4f7b6e6923767880612226d644518fba {--mh-paragraph-background-image: none;}<\/style>\n\n<hr class=\"mh-spacer mh-spacer--0964ebd1ebd08155d846a1d84403df7d\" aria-hidden=\"true\" \/>\n<style>.mh-spacer--0964ebd1ebd08155d846a1d84403df7d {--mh-spacer-height--l: 40px;--mh-spacer-height--m: 32px;--mh-spacer-height--s: 20px;}<\/style><style>.mh-spacer--0964ebd1ebd08155d846a1d84403df7d {--mh-spacer-background-image: none;}<\/style>\n\n<h4  class=\"mh-heading mh-heading--57d7887fe921e3bf050b4b06d672a214\"><em><em><em><strong>\u201c<\/strong><\/em><\/em><strong>Wanneer moet ik me zorgen maken en naar de spoeddienst gaan?<\/strong><em><em><strong>\u201d<\/strong><\/em><\/em><\/em><\/h4><style>.mh-heading--57d7887fe921e3bf050b4b06d672a214 {--mh-heading-background-image: none;}<\/style>\n\n\n<p\n    class=\"mh-paragraph mh-paragraph--403997cd7ed80893c4c4561f44adf4f3\"\n    >\n    Ernstige bijwerkingen komen gelukkig maar heel zelden voor. Ze worden meestal veroorzaakt door een allergische reactie, die binnen 15 minuten na vaccinatie optreedt. Daarom houdt het medische team uw kind na toediening van het vaccin nog een kwartier in de gaten. Als er allergische symptomen (bv. ademhalingsmoeilijkheden, zwelling van het gezicht, gegeneraliseerde netelroos) optreden, grijpt het team onmiddellijk in.<sup>1<\/sup><\/p>\n<style>.mh-paragraph--403997cd7ed80893c4c4561f44adf4f3 {--mh-paragraph-background-image: none;}<\/style>\n<\/div>\n<style>.mh-column--451d6ce593669208d3d09c2f11e63a14 {--mh-column-background-image: none;}<\/style>\n    <\/div>\n<\/div>\n\n\n<hr class=\"mh-spacer mh-spacer--0964ebd1ebd08155d846a1d84403df7d\" aria-hidden=\"true\" \/>\n<style>.mh-spacer--0964ebd1ebd08155d846a1d84403df7d {--mh-spacer-height--l: 40px;--mh-spacer-height--m: 32px;--mh-spacer-height--s: 20px;}<\/style><style>.mh-spacer--0964ebd1ebd08155d846a1d84403df7d {--mh-spacer-background-image: none;}<\/style>\n\n\n<p\n    class=\"mh-paragraph mh-paragraph--095221592608cd451d8e3c40f3fa4023\"\n    >\n    <a href=\"#vragen\"><strong>Bekijk alle vragen \u2191<\/strong><\/a><\/p>\n<style>.mh-paragraph--095221592608cd451d8e3c40f3fa4023 {--mh-paragraph-font-size--l: 1.375rem;}<\/style><style>.mh-paragraph--095221592608cd451d8e3c40f3fa4023 {--mh-paragraph-text-color: #000000;--mh-paragraph-anchor-color: #000000;--mh-paragraph-anchor-hover-color: #000000;}<\/style><style>.mh-paragraph--095221592608cd451d8e3c40f3fa4023 {--mh-paragraph-background-image: none;}<\/style><style>.mh-paragraph--095221592608cd451d8e3c40f3fa4023 {--mh-context-color-link: #000000;--mh-context-color-link--hover: #000000;--mh-context-border-bottom-color-link--hover: #ffb429;}<\/style>\n\n<hr class=\"mh-spacer mh-spacer--c291664780b6a8288f8a997c14cb1387\" aria-hidden=\"true\" \/>\n<style>.mh-spacer--c291664780b6a8288f8a997c14cb1387 {--mh-spacer-height--l: 60px;--mh-spacer-height--m: 40px;--mh-spacer-height--s: 20px;}<\/style><style>.mh-spacer--c291664780b6a8288f8a997c14cb1387 {--mh-spacer-background-image: none;}<\/style>\n\n<h3  id=\"op-reis\" class=\"mh-heading mh-heading--978ca0a82b802c3f802c7bc4a8dab2b9 mh-heading--with-background-image\"><span class=\"screen-reader-text\"><strong>Op reis<\/strong><\/span>        <img decoding=\"async\" class=\"\" src=\"https:\/\/vaccikids.be\/nl\/wp-content\/uploads\/sites\/662\/2026\/06\/Op-reis.png?quality=80&#038;lossy=1\" width=\"1454\" height=\"156\" loading=\"lazy\" alt=\"Op reis\" \/><br \/>\n    <\/h3><style>.mh-heading--978ca0a82b802c3f802c7bc4a8dab2b9 {--mh-heading-padding-right--l: 300px;--mh-heading-padding-right--m: 300px;}<\/style><style>.mh-heading--978ca0a82b802c3f802c7bc4a8dab2b9 {--mh-heading-background-image: none;}<\/style>\n\n<div class=\"mh-columns mh-columns--vertical-alignment-center mh-column--4f182ae341224e651332775cb5a33376 mh-columns--gutter-m\">\n    <div class=\"mh-columns-inner\">\n        \n<div class=\"mh-column mh-column--50af0c854c1be910eecea70d1ad0a8ea mh-column--12 mh-column--m-8 mh-column--l-8 mh-column--offset-m-2 mh-column--offset-l-2\">\n    \n<h4  class=\"mh-heading mh-heading--3f1037a638d67bca39feb907e8ac7762\"><em><em><strong>\u201c<\/strong><\/em><strong>Ik ga op reis met mijn baby. Welke vaccins zijn nodig?<\/strong><em><strong>\u201d<\/strong><\/em><\/em><\/h4><style>.mh-heading--3f1037a638d67bca39feb907e8ac7762 {--mh-heading-background-image: none;}<\/style>\n\n\n<p>Controleer eerst of je kind in orde is met de verplichte en aanbevolen vaccinaties volgens het Vlaamse basisvaccinatieschema. Vooral het MBR-vaccin (mazelen, bof, rubella) is belangrijk wanneer je naar regio\u2019s reist waar mazelen nog circuleren.<\/p>\n\n\n<div class=\"mh-columns mh-column--42c877efed68c294ba582ea89b8a3dd5 mh-columns--gutter-m\">\n    <div class=\"mh-columns-inner\">\n        \n<div class=\"mh-column mh-column--fb67f8c4203e091e329a2ea9a15af1f4 mh-column--12 mh-column--m-7 mh-column--l-7\">\n    \n\n<p\n    class=\"mh-paragraph mh-paragraph--446065ee7d6f0298dc67f5b0c052a8fe\"\n    >\n    Maak minstens 6 weken v\u00f3\u00f3r vertrek een afspraak bij je huisarts of bij een erkende reiskliniek. Zij geven advies op maat, afhankelijk van:<\/p>\n<style>.mh-paragraph--446065ee7d6f0298dc67f5b0c052a8fe {--mh-paragraph-background-image: none;}<\/style>\n\n\n<ul class=\"mh-v2-clist mh-v2-clist--bd9e442e5a52bdbbe85f738d000d5f67 mh-v2-clist--dot\"  >\n\n\n<li>\n    de bestemming    <\/li>\n\n\n\n<li>\n    de duur van het verblijf    <\/li>\n\n\n\n<li>\n    de leeftijd van je kind    <\/li>\n\n\n\n<li>\n    de gezondheidstoestand.    <\/li>\n\n<\/ul>\n<style>.mh-v2-clist--bd9e442e5a52bdbbe85f738d000d5f67 {--mh-v2-clist-counter-reset: item 0;}<\/style><style>.mh-v2-clist--bd9e442e5a52bdbbe85f738d000d5f67 {--mh-v2-clist-background-image: none;}<\/style>\n\n\n<p\n    class=\"mh-paragraph mh-paragraph--2c257abf47aa9d5aa50bdea427f73f14\"\n    >\n    Als u naar een land reist waar <strong>gele koorts<\/strong> aanwezig is, wordt vaccinatie aanbevolen vanaf de leeftijd van 9 maanden. In uitzonderlijke gevallen kan het vaccin al vanaf 6 maanden worden toegediend. Raadpleeg zeker uw behandelend arts (minstens zes weken v\u00f3\u00f3r vertrek), die u doorverwijst naar een <strong>reiskliniek of travel clinic<\/strong>. De lijst van erkende reisklinieken in Belgi\u00eb vindt u op <a href=\"https:\/\/www.wanda.be\/nl\/a-z-index\/reisklinieken-in-belgie\/\"><strong>Wanda<\/strong><\/a>. U kunt ook een afspraak maken bij het <strong><a href=\"https:\/\/www.itg.be\/nl\/clinics\/service\/services-en-advies-voor-de-reis\">Instituut voor Tropische Geneeskunde in Antwerpen<\/a><\/strong> of bij de <a href=\"https:\/\/www.stpierre-bru.be\/nl\/service\/travel-and-vaccine-clinic\/\"><strong>Travel and Vaccine Clinic van het UMC Sint-Pieter<\/strong><\/a>. Daar worden onder andere <strong>specifieke consultaties voor kinderen<\/strong> aangeboden, waarbij de arts u persoonlijk advies geeft op basis van uw bestemming, de gezondheidstoestand van uw kind en de aard en duur van uw reis.<\/p>\n<style>.mh-paragraph--2c257abf47aa9d5aa50bdea427f73f14 {--mh-paragraph-background-image: none;}<\/style>\n\n\n<p\n    class=\"mh-paragraph mh-paragraph--6ddd4a6a435bede3d87b2fc824891820\"\n    >\n    <strong><span style=\"text-decoration: underline\">Nuttige links:<\/span><\/strong><\/p>\n<style>.mh-paragraph--6ddd4a6a435bede3d87b2fc824891820 {--mh-paragraph-background-image: none;}<\/style>\n\n<div  class=\"mh-links mh-links--justified-start\">\n\n<a  class=\"mh-button mh-button--d13d97a8f9fa7d6ea0a25e409bb3a035 mh-button--custom\"\n      href=\"https:\/\/www.wanda.be\/nl\/a-z-index\/reisklinieken-in-belgie\/\"\n    target=\"_self\"\n    rel=\"\"\n        >\n\n      <span class=\"mh-anchor-label\">\n      <span class=\"\">www.wanda.be<\/span>    <\/span>\n      <\/a>\n\n<style>.mh-button--d13d97a8f9fa7d6ea0a25e409bb3a035 {--mh-button-border-width: 2px;--mh-button-border-color: #ffb429;--mh-button-border-style: solid;}<\/style><style>.mh-button--d13d97a8f9fa7d6ea0a25e409bb3a035 {--mh-button-border-width--hover: 2px;--mh-button-border-color--hover: #ffb429;--mh-button-border-style--hover: solid;}<\/style><style>.mh-button--d13d97a8f9fa7d6ea0a25e409bb3a035 {--mh-button-border-top-left-radius: 50px;--mh-button-border-top-right-radius: 50px;--mh-button-border-bottom-right-radius: 50px;--mh-button-border-bottom-left-radius: 50px;}<\/style><style>.mh-button--d13d97a8f9fa7d6ea0a25e409bb3a035 {--mh-button-border-top-left-radius--hover: 50px;--mh-button-border-top-right-radius--hover: 50px;--mh-button-border-bottom-right-radius--hover: 50px;--mh-button-border-bottom-left-radius--hover: 50px;}<\/style><style>.mh-button--d13d97a8f9fa7d6ea0a25e409bb3a035 {--mh-context-color-link: #262626;--mh-context-color-link--hover: #262626;--mh-context-background-color-link: #fefdf7;--mh-context-background-color-link--hover: #ffb429;}<\/style>\n\n\n<a  class=\"mh-button mh-button--63c4e415ef26f067724ff8bbb12ac04f mh-button--custom\"\n      href=\"https:\/\/www.itg.be\/nl\/clinics\/service\/services-en-advies-voor-de-reis\"\n    target=\"_self\"\n    rel=\"\"\n        >\n\n      <span class=\"mh-anchor-label\">\n      <span class=\"\">www.itg.be<\/span>    <\/span>\n      <\/a>\n\n<style>.mh-button--63c4e415ef26f067724ff8bbb12ac04f {--mh-button-border-width: 2px;--mh-button-border-color: #ffb429;--mh-button-border-style: solid;}<\/style><style>.mh-button--63c4e415ef26f067724ff8bbb12ac04f {--mh-button-border-width--hover: 2px;--mh-button-border-color--hover: #ffb429;--mh-button-border-style--hover: solid;}<\/style><style>.mh-button--63c4e415ef26f067724ff8bbb12ac04f {--mh-button-border-top-left-radius: 50px;--mh-button-border-top-right-radius: 50px;--mh-button-border-bottom-right-radius: 50px;--mh-button-border-bottom-left-radius: 50px;}<\/style><style>.mh-button--63c4e415ef26f067724ff8bbb12ac04f {--mh-button-border-top-left-radius--hover: 50px;--mh-button-border-top-right-radius--hover: 50px;--mh-button-border-bottom-right-radius--hover: 50px;--mh-button-border-bottom-left-radius--hover: 50px;}<\/style><style>.mh-button--63c4e415ef26f067724ff8bbb12ac04f {--mh-context-color-link: #262626;--mh-context-color-link--hover: #262626;--mh-context-background-color-link: #fefdf7;--mh-context-background-color-link--hover: #ffb429;}<\/style>\n\n\n<a  class=\"mh-button mh-button--7ea0a74faa2c7dbd04fc0a1d5bb89453 mh-button--custom\"\n      href=\"https:\/\/www.stpierre-bru.be\/nl\/service\/travel-and-vaccine-clinic\/\"\n    target=\"_self\"\n    rel=\"\"\n        >\n\n      <span class=\"mh-anchor-label\">\n      <span class=\"\">www.stpierre-bru.be<\/span>    <\/span>\n      <\/a>\n\n<style>.mh-button--7ea0a74faa2c7dbd04fc0a1d5bb89453 {--mh-button-border-width: 2px;--mh-button-border-color: #ffb429;--mh-button-border-style: solid;}<\/style><style>.mh-button--7ea0a74faa2c7dbd04fc0a1d5bb89453 {--mh-button-border-width--hover: 2px;--mh-button-border-color--hover: #ffb429;--mh-button-border-style--hover: solid;}<\/style><style>.mh-button--7ea0a74faa2c7dbd04fc0a1d5bb89453 {--mh-button-border-top-left-radius: 50px;--mh-button-border-top-right-radius: 50px;--mh-button-border-bottom-right-radius: 50px;--mh-button-border-bottom-left-radius: 50px;}<\/style><style>.mh-button--7ea0a74faa2c7dbd04fc0a1d5bb89453 {--mh-button-border-top-left-radius--hover: 50px;--mh-button-border-top-right-radius--hover: 50px;--mh-button-border-bottom-right-radius--hover: 50px;--mh-button-border-bottom-left-radius--hover: 50px;}<\/style><style>.mh-button--7ea0a74faa2c7dbd04fc0a1d5bb89453 {--mh-context-color-link: #262626;--mh-context-color-link--hover: #262626;--mh-context-background-color-link: #fefdf7;--mh-context-background-color-link--hover: #ffb429;}<\/style>\n\n\n<a  class=\"mh-button mh-button--4b9ec12afd185444b177632acc3fb04b mh-button--custom\"\n      href=\"https:\/\/www.laatjevaccineren.be\/reisvaccinatie\"\n    target=\"_self\"\n    rel=\"\"\n        >\n\n      <span class=\"mh-anchor-label\">\n      <span class=\"\">www.laatjevaccineren.be<\/span>    <\/span>\n      <\/a>\n\n<style>.mh-button--4b9ec12afd185444b177632acc3fb04b {--mh-button-border-width: 2px;--mh-button-border-color: #ffb429;--mh-button-border-style: solid;}<\/style><style>.mh-button--4b9ec12afd185444b177632acc3fb04b {--mh-button-border-width--hover: 2px;--mh-button-border-color--hover: #ffb429;--mh-button-border-style--hover: solid;}<\/style><style>.mh-button--4b9ec12afd185444b177632acc3fb04b {--mh-button-border-top-left-radius: 50px;--mh-button-border-top-right-radius: 50px;--mh-button-border-bottom-right-radius: 50px;--mh-button-border-bottom-left-radius: 50px;}<\/style><style>.mh-button--4b9ec12afd185444b177632acc3fb04b {--mh-button-border-top-left-radius--hover: 50px;--mh-button-border-top-right-radius--hover: 50px;--mh-button-border-bottom-right-radius--hover: 50px;--mh-button-border-bottom-left-radius--hover: 50px;}<\/style><style>.mh-button--4b9ec12afd185444b177632acc3fb04b {--mh-context-color-link: #262626;--mh-context-color-link--hover: #262626;--mh-context-background-color-link: #fefdf7;--mh-context-background-color-link--hover: #ffb429;}<\/style>\n<\/div>\n<\/div>\n<style>.mh-column--fb67f8c4203e091e329a2ea9a15af1f4 {--mh-column-background-image: none;}<\/style>\n\n<div class=\"mh-column mh-column--6d225ab4ca1591f6b5ee9c6c6fa306ca mh-column--12 mh-column--m-5 mh-column--l-5\">\n    \n    <figure class=\"mh-image mh-image--ea1ca0c15aa2a6113ebfa57a2dc773e4\" >\n                            <img decoding=\"async\"\n        class=\"\"\n        src=\"https:\/\/vaccikids.be\/nl\/wp-content\/uploads\/sites\/662\/2026\/01\/baby5.png?w=526&#038;quality=80&#038;lossy=1\"\n        width=\"526\"\n        height=\"390\"\n        loading=\"lazy\"\n        alt=\"\"\n            \/>\n                        <\/figure>\n\n<\/div>\n<style>.mh-column--6d225ab4ca1591f6b5ee9c6c6fa306ca {--mh-column-background-image: none;}<\/style>\n    <\/div>\n<\/div>\n\n<\/div>\n<style>.mh-column--50af0c854c1be910eecea70d1ad0a8ea {--mh-column-background-image: none;}<\/style>\n    <\/div>\n<\/div>\n\n\n<hr class=\"mh-spacer mh-spacer--0964ebd1ebd08155d846a1d84403df7d\" aria-hidden=\"true\" \/>\n<style>.mh-spacer--0964ebd1ebd08155d846a1d84403df7d {--mh-spacer-height--l: 40px;--mh-spacer-height--m: 32px;--mh-spacer-height--s: 20px;}<\/style><style>.mh-spacer--0964ebd1ebd08155d846a1d84403df7d {--mh-spacer-background-image: none;}<\/style>\n\n\n<p\n    class=\"mh-paragraph mh-paragraph--095221592608cd451d8e3c40f3fa4023\"\n    >\n    <a href=\"#vragen\"><strong>Bekijk alle vragen \u2191<\/strong><\/a><\/p>\n<style>.mh-paragraph--095221592608cd451d8e3c40f3fa4023 {--mh-paragraph-font-size--l: 1.375rem;}<\/style><style>.mh-paragraph--095221592608cd451d8e3c40f3fa4023 {--mh-paragraph-text-color: #000000;--mh-paragraph-anchor-color: #000000;--mh-paragraph-anchor-hover-color: #000000;}<\/style><style>.mh-paragraph--095221592608cd451d8e3c40f3fa4023 {--mh-paragraph-background-image: none;}<\/style><style>.mh-paragraph--095221592608cd451d8e3c40f3fa4023 {--mh-context-color-link: #000000;--mh-context-color-link--hover: #000000;--mh-context-border-bottom-color-link--hover: #ffb429;}<\/style>\n\n<hr class=\"mh-spacer mh-spacer--c291664780b6a8288f8a997c14cb1387\" aria-hidden=\"true\" \/>\n<style>.mh-spacer--c291664780b6a8288f8a997c14cb1387 {--mh-spacer-height--l: 60px;--mh-spacer-height--m: 40px;--mh-spacer-height--s: 20px;}<\/style><style>.mh-spacer--c291664780b6a8288f8a997c14cb1387 {--mh-spacer-background-image: none;}<\/style>\n\n<h3  id=\"op-welke-leeftijd\" class=\"mh-heading mh-heading--9c56e44f85eafef740cf495950677f5b mh-heading--with-background-image\"><span class=\"screen-reader-text\"><strong>Op welke leeftijd?<\/strong><\/span>        <img decoding=\"async\" class=\"\" src=\"https:\/\/vaccikids.be\/nl\/wp-content\/uploads\/sites\/662\/2026\/06\/Op-welke-leeftijd_.png?quality=80&#038;lossy=1\" width=\"1464\" height=\"156\" loading=\"lazy\" alt=\"Op welke leeftijd?\" \/><br \/>\n    <\/h3><style>.mh-heading--9c56e44f85eafef740cf495950677f5b {--mh-heading-padding-right--l: 300px;--mh-heading-padding-right--m: 300px;}<\/style><style>.mh-heading--9c56e44f85eafef740cf495950677f5b {--mh-heading-background-image: none;}<\/style>\n\n<div class=\"mh-columns mh-column--f5c7f87e0d3830689f2df9b18f6736b9 mh-columns--gutter-m\">\n    <div class=\"mh-columns-inner\">\n        \n<div class=\"mh-column mh-column--da6c307fead0f5485ac38aadbcb8672d mh-column--12 mh-column--m-8 mh-column--l-8 mh-column--offset-m-2 mh-column--offset-l-2\">\n    \n\n<div class=\"mh-tabs mh-tabs--10ca289fa1a88c8eb9b63c1e4667c4e6 mh-tabs--secondary\">\n    \n<nav\n  class=\"mh-tabs-nav\"\n  >\n    <ul class=\"mh-tabs-navigation-list\" role=\"tablist\">\n                    <li class=\"mh-tabs-navigation-list-item\">\n                \n<a class=\"mh-tabs-navigation-list-item-status-trigger mh-anchor mh-anchor--6766fbf613950b5af231511d251dca4c mh-anchor--default\" href=\"#geboorte\" target=\"_self\" rel=\"\" role=\"tab\">\n\n      \n      Geboorte    \n      <\/a>\n\n            <\/li>\n                    <li class=\"mh-tabs-navigation-list-item\">\n                \n<a class=\"mh-tabs-navigation-list-item-status-trigger mh-anchor mh-anchor--01300ec0840f0aa2bbe8de5291bb2215 mh-anchor--default\" href=\"#0-15-maanden\" target=\"_self\" rel=\"\" role=\"tab\">\n\n      \n      0-15 maanden    \n      <\/a>\n\n            <\/li>\n            <\/ul>\n    <div class=\"mh-tabs-control\" aria-hidden=\"true\">\n        <button type=\"button\" class=\"mh-tabs-control-prev\"><span class=\"screen-reader-text\">Previous Tab<\/span> \n<svg width=\"1em\" height=\"1em\" class=\"mh-icon mh-icon--kind-generic mh-icon--name-caret-left mh-icon--caret-left\" role=\"img\" aria-hidden=\"true\">\n    \n    \n    <use xlink:href=\"https:\/\/vaccikids.be\/nl\/wp-content\/themes\/cex-wpvip-mh-theme-3.1\/modules\/theme\/resources\/icons\/svg\/generic\/caret-left.svg#caret-left\"><\/use>\n<\/svg>\n<\/button>        <button type=\"button\" class=\"mh-tabs-control-next\"><span class=\"screen-reader-text\">Next Tab<\/span> \n<svg width=\"1em\" height=\"1em\" class=\"mh-icon mh-icon--kind-generic mh-icon--name-caret-right mh-icon--caret-right\" role=\"img\" aria-hidden=\"true\">\n    \n    \n    <use xlink:href=\"https:\/\/vaccikids.be\/nl\/wp-content\/themes\/cex-wpvip-mh-theme-3.1\/modules\/theme\/resources\/icons\/svg\/generic\/caret-right.svg#caret-right\"><\/use>\n<\/svg>\n<\/button>    <\/div>\n<\/nav>\n    \n\n<div id=\"geboorte\" class=\"mh-tab-content mh-tab-content--inactive\" aria-hidden=\"true\">\n    \n    <figure class=\"mh-image mh-image--7252af36c5f7221e614123ee1b3be88d\">\n                        <a class=\"mh-anchor-for-image\" href=\"#0-15-maanden\" rel=\"\" target=\"\">\n            <img decoding=\"async\" class=\"\" src=\"https:\/\/vaccikids.be\/nl\/wp-content\/uploads\/sites\/662\/2026\/06\/baby3.png?w=860&#038;quality=80&#038;lossy=1\" width=\"860\" height=\"444\" loading=\"lazy\" alt=\"Baby\" \/>\n        <\/a>\n                    <\/figure>\n.mh-image&#8211;7252af36c5f7221e614123ee1b3be88d {&#8211;mh-image-margin-top&#8211;s: 10px;&#8211;mh-image-margin-right&#8211;s: 10px;&#8211;mh-image-margin-bottom&#8211;s: 10px;&#8211;mh-image-margin-left&#8211;s: 10px;&#8211;mh-image-margin-right&#8211;l: 80px;&#8211;mh-image-margin-bottom&#8211;l: 40px;&#8211;mh-image-margin-left&#8211;l: 80px;&#8211;mh-image-margin-right&#8211;m: 40px;&#8211;mh-image-margin-bottom&#8211;m: 30px;&#8211;mh-image-margin-left&#8211;m: 40px;}\n\n<h4 class=\"mh-heading mh-heading--7ca1b5563febd24570b6f5f29c9bfc2e\"><em><strong>\u201cIs het niet beter dat mijn kind de ziekte krijgt om op natuurlijke wijze immuun te worden?\u201d<\/strong><\/em><\/h4>.mh-heading&#8211;7ca1b5563febd24570b6f5f29c9bfc2e {&#8211;mh-heading-background-image: none;}\n\n\n<p>We horen soms zeggen dat het beter is om een kind de ziekte te laten krijgen, zodat het een \u2018natuurlijke immuniteit\u2019 ontwikkelt. Het probleem is dat <strong>bepaalde bijzonder virulente microben het kind al op zeer jonge leeftijd kunnen besmetten<\/strong>. Die \u2018kinderziektes\u2019 zijn doorgaans onschuldig, maar soms veroorzaken ze niettemin <strong>ernstige en zelfs dodelijke complicaties<\/strong>. Bof kan bijvoorbeeld het centrale zenuwstelsel aantasten, en de mazelen leiden in 1 op de 1000 gevallen tot hersenbeschadiging, met risico op blijvende gevolgen en overlijden.<sup>1<\/sup><strong> Het doel van vaccinaties<\/strong> is om het immuunsysteem te <strong>leren zich te verdedigen zonder het kind aan grote risico&#8217;s bloot te stellen<\/strong>.<\/p>\n\n\n\n<p>De <strong>aanbevolen vaccins<\/strong> voor jonge kinderen worden toegediend volgens een <strong>schema dat met grote zorg is opgesteld door de gezondheidsinstanties<\/strong>. Dankzij die vaccins bouwt het lichaam een <strong>sterke bescherming<\/strong> op: het kind zal ofwel niet ziek worden, ofwel een <strong>veel mildere vorm<\/strong> met een stuk minder complicaties krijgen. <strong>Vaccinatie zorgt er ook voor dat<\/strong> <strong>er minder microben circuleren en beschermt zo de allerkwetsbaarsten.<\/strong><\/p>\n\n\n<hr class=\"mh-spacer mh-spacer--0964ebd1ebd08155d846a1d84403df7d\" aria-hidden=\"true\" \/>\n.mh-spacer&#8211;0964ebd1ebd08155d846a1d84403df7d {&#8211;mh-spacer-height&#8211;l: 40px;&#8211;mh-spacer-height&#8211;m: 32px;&#8211;mh-spacer-height&#8211;s: 20px;}.mh-spacer&#8211;0964ebd1ebd08155d846a1d84403df7d {&#8211;mh-spacer-background-image: none;}\n\n<h4 class=\"mh-heading mh-heading--fe3bf688f11768fc426367b9e059b419\"><strong><em>\u201cMijn baby heeft mijn antistoffen gekregen tijdens de zwangerschap. Wat is dan het nut van vaccinatie?\u201d<\/em><\/strong><\/h4>.mh-heading&#8211;fe3bf688f11768fc426367b9e059b419 {&#8211;mh-heading-background-image: none;}\n\n\n<p>Het klopt dat uw baby <strong>uw antistoffen doorkrijgt via de placenta, vooral tijdens het derde trimester van de zwangerschap<\/strong>. Maar logischerwijs geldt de immuniteit die u aan uw kind doorgeeft, alleen voor infecties waartegen u zelf antistoffen hebt aangemaakt. Daarom worden bepaalde vaccinaties (tegen kinkhoest, griep, COVID-19 en het respiratoir syncytieel virus) aanbevolen voor zwangere vrouwen, om zichzelf, maar ook hun baby te beschermen.<sup>1<\/sup><\/p>\n\n\n\n<p class=\"mh-paragraph mh-paragraph--7917ce21c6e5746a76b6201e06f522f6\">\n    <strong>Bij de geboorte beschikt de baby dus over een voorraad antistoffen van de moeder<\/strong>, zodat hij de eerste ziekteverwekkers waarmee hij in aanraking komt, kan bestrijden. Die <strong>postnatale of \u2018passieve\u2019 immuniteit blijft echter niet lang bestaan<\/strong>, hooguit enkele maanden, omdat de <strong>antistoffen geleidelijk uit het lichaam van uw kind verdwijnen<\/strong>. Om uw baby te helpen <strong>zo snel mogelijk zijn eigen afweersysteem tegen infectieziektes op te bouwen<\/strong>, wordt een eerste vaccinatie aanbevolen vanaf 2 maanden, zodat hij beschermd is in zijn kwetsbaarste levensfase.<\/p>\n.mh-paragraph&#8211;7917ce21c6e5746a76b6201e06f522f6 {&#8211;mh-paragraph-background-image: none;}\n\n<hr class=\"mh-spacer mh-spacer--0964ebd1ebd08155d846a1d84403df7d\" aria-hidden=\"true\" \/>\n.mh-spacer&#8211;0964ebd1ebd08155d846a1d84403df7d {&#8211;mh-spacer-height&#8211;l: 40px;&#8211;mh-spacer-height&#8211;m: 32px;&#8211;mh-spacer-height&#8211;s: 20px;}.mh-spacer&#8211;0964ebd1ebd08155d846a1d84403df7d {&#8211;mh-spacer-background-image: none;}\n\n<h4 class=\"mh-heading mh-heading--2472947461d35539c9d31143f0f93d2a\"><strong><em>\u201cGeeft borstvoeding mijn baby niet alle nodige bescherming?\u201d<\/em><\/strong><\/h4>.mh-heading&#8211;2472947461d35539c9d31143f0f93d2a {&#8211;mh-heading-background-image: none;}\n\n\n<p><strong>Moedermelk<\/strong> is niet alleen rijk aan voedingsstoffen, maar <strong>bevat ook antistoffen en cellen van het immuunsysteem van de moeder<\/strong>, die dienen als <strong>tijdelijk schild<\/strong> tegen <strong>bepaalde soorten infecties<\/strong>, met name maag-, darm-, en luchtweginfecties.<\/p>\n\n\n\n<p class=\"mh-paragraph mh-paragraph--e596520cce1a47adbf87b7b84dab1911\">\n    Maar net omdat <strong>de bescherming die moedermelk biedt tijdelijk is<\/strong>, <strong>kan de borstvoeding geen vervanging zijn voor vaccinatie<\/strong>, die een actieve en langdurige immuniteit oplevert en ernstige ziektes helpt voorkomen.<\/p>\n.mh-paragraph&#8211;e596520cce1a47adbf87b7b84dab1911 {&#8211;mh-paragraph-background-image: none;}\n\n\n<p class=\"mh-paragraph mh-paragraph--a8e5c6bac8e15417f3823ab04783f3a6\">\n    <strong>Borstvoeding en vaccinaties vullen elkaar dus aan.<sup>1<\/sup><\/strong><\/p>\n.mh-paragraph&#8211;a8e5c6bac8e15417f3823ab04783f3a6 {&#8211;mh-paragraph-background-image: none;}\n<\/div>\n\n\n\n<div id=\"0-15-maanden\" class=\"mh-tab-content mh-tab-content--inactive\" aria-hidden=\"true\">\n    \n    <figure class=\"mh-image mh-image--6d60185462c6352a4fe35272c4929f1f\">\n                        <a class=\"mh-anchor-for-image\" href=\"#geboorte\" rel=\"\" target=\"\">\n            <img decoding=\"async\" class=\"\" src=\"https:\/\/vaccikids.be\/nl\/wp-content\/uploads\/sites\/662\/2026\/06\/baby4.png?w=860&#038;quality=80&#038;lossy=1\" width=\"860\" height=\"444\" loading=\"lazy\" alt=\"Baby\" \/>\n        <\/a>\n                    <\/figure>\n.mh-image&#8211;6d60185462c6352a4fe35272c4929f1f {&#8211;mh-image-margin-top&#8211;s: 10px;&#8211;mh-image-margin-right&#8211;s: 10px;&#8211;mh-image-margin-bottom&#8211;s: 10px;&#8211;mh-image-margin-left&#8211;s: 10px;&#8211;mh-image-margin-right&#8211;l: 80px;&#8211;mh-image-margin-bottom&#8211;l: 40px;&#8211;mh-image-margin-left&#8211;l: 80px;&#8211;mh-image-margin-right&#8211;m: 60px;&#8211;mh-image-margin-bottom&#8211;m: 30px;&#8211;mh-image-margin-left&#8211;m: 60px;}\n\n<h4 class=\"mh-heading mh-heading--c99707c79426574fe8c2263274ae4e1f\"><strong><em>\u201cMijn baby gaat niet naar een kinderdagverblijf. Heeft hij dan dezelfde vaccins nodig als andere kinderen?\u201d<\/em><\/strong><\/h4>.mh-heading&#8211;c99707c79426574fe8c2263274ae4e1f {&#8211;mh-heading-background-image: none;}\n\n\n<p class=\"mh-paragraph mh-paragraph--f5f8c6593c12a93466a658ffc237eaac\">\n    <strong>Ja, het vaccinatieschema wordt aanbevolen voor alle kinderen<\/strong> en de vaccins zijn gratis of worden terugbetaald. <strong>Kinderen kunnen ook blootgesteld worden aan infecties<\/strong> binnen het gezin, tijdens uitstapjes en later op school, <strong>niet alleen door contact met andere kinderen<\/strong> in de opvang. Bovendien is het belangrijk om al in de eerste levensmaanden het vaccinatieschema te volgen, zodat het kind zo snel mogelijk beter beschermd is. Van sommige vaccins zijn bijvoorbeeld drie of vier dosissen nodig.<\/p>\n.mh-paragraph&#8211;f5f8c6593c12a93466a658ffc237eaac {&#8211;mh-paragraph-background-image: none;}\n\n<hr class=\"mh-spacer mh-spacer--0964ebd1ebd08155d846a1d84403df7d\" aria-hidden=\"true\" \/>\n.mh-spacer&#8211;0964ebd1ebd08155d846a1d84403df7d {&#8211;mh-spacer-height&#8211;l: 40px;&#8211;mh-spacer-height&#8211;m: 32px;&#8211;mh-spacer-height&#8211;s: 20px;}.mh-spacer&#8211;0964ebd1ebd08155d846a1d84403df7d {&#8211;mh-spacer-background-image: none;}\n\n<h4 class=\"mh-heading mh-heading--b422ceda7b893d4e9477cca895f14702\"><strong><em>\u201cWat als ik mijn baby niet wil laten vaccineren? Dat is toch mijn eigen keuze?\u201d<\/em><\/strong><\/h4>.mh-heading&#8211;b422ceda7b893d4e9477cca895f14702 {&#8211;mh-heading-background-image: none;}\n\n\n<p class=\"mh-paragraph mh-paragraph--316d4f4a18981d0aa078b50616e4c873\">\n    Mensen die weigeren zich te laten vaccineren en\/of hun kinderen te laten vaccineren, rechtvaardigen hun beslissing vaak met hun recht op persoonlijke vrijheid. Maar die persoonlijke keuze heeft ook te maken met <strong>collectieve verantwoordelijkheid: om de bevolking als geheel tegen bepaalde infectieziektes te beschermen, moet de vaccinatiegraad<\/strong>, dat wil zeggen het totaal van alle individuele vaccinaties, <strong>voldoende hoog<\/strong> zijn.<\/p>\n.mh-paragraph&#8211;316d4f4a18981d0aa078b50616e4c873 {&#8211;mh-paragraph-background-image: none;}\n\n<hr class=\"mh-spacer mh-spacer--0964ebd1ebd08155d846a1d84403df7d\" aria-hidden=\"true\" \/>\n.mh-spacer&#8211;0964ebd1ebd08155d846a1d84403df7d {&#8211;mh-spacer-height&#8211;l: 40px;&#8211;mh-spacer-height&#8211;m: 32px;&#8211;mh-spacer-height&#8211;s: 20px;}.mh-spacer&#8211;0964ebd1ebd08155d846a1d84403df7d {&#8211;mh-spacer-background-image: none;}\n\n<h4 class=\"mh-heading mh-heading--cf23a0dd460e358360f3851469ee9421\"><strong><em>\u201cIk heb een kinderopvang gevonden, maar ze zeggen dat mijn kind gevaccineerd moet zijn. Wat als ik dat weiger?\u201d<\/em><\/strong><\/h4>.mh-heading&#8211;cf23a0dd460e358360f3851469ee9421 {&#8211;mh-heading-background-image: none;}\n\n\n<p>In Vlaanderen geldt er geen bijkomende wettelijke vaccinatieverplichting voor toegang tot kinderopvang. Enkel de vaccinatie tegen poliomyelitis is wettelijk verplicht in Belgi\u00eb.<\/p>\n\n\n\n<p>Kinderopvanginitiatieven mogen wel informeren naar de vaccinatiestatus van je kind en ouders aanmoedigen om het basisvaccinatieschema te volgen.<\/p>\n\n\n\n<p>Het volgen van het basisvaccinatieschema wordt sterk aanbevolen, omdat jonge kinderen in opvang intensief contact hebben met elkaar. Vaccinatie helpt niet alleen je eigen kind beschermen, maar beperkt ook de verspreiding van infectieziekten binnen de groep.<\/p>\n\n\n\n<p>Weiger je vaccinatie zonder medische reden, dan kan een kinderopvang hierover in gesprek gaan met de ouders. In Vlaanderen bestaat er geen algemene wettelijke uitsluitingsregel zoals in de F\u00e9d\u00e9ration Wallonie-Bruxelles. Kinderopvanginitiatieven handelen binnen de geldende regelgeving en hun huishoudelijk reglement.<\/p>\n\n\n\n<p>Indien er een medische contra-indicatie is, kan een arts dit attesteren.<\/p>\n\n\n\n<p>Voor actuele informatie over vaccinatie en kinderopvang kan je terecht bij:<\/p>\n\n\n<div class=\"mh-links mh-links--justified-start\">\n\n<a class=\"mh-button mh-button--0a23d41e4b47ed226ad77b563f05f51c mh-button--custom\" href=\"https:\/\/www.opgroeien.be\" target=\"_self\" rel=\"\">\n\n      <span class=\"mh-anchor-label\">\n      <span class=\"\">www.opgroeien.be<\/span>    <\/span>\n      <\/a>\n\n.mh-button&#8211;0a23d41e4b47ed226ad77b563f05f51c {&#8211;mh-button-border-width: 2px;&#8211;mh-button-border-color: #ffb429;&#8211;mh-button-border-style: solid;}.mh-button&#8211;0a23d41e4b47ed226ad77b563f05f51c {&#8211;mh-button-border-width&#8211;hover: 2px;&#8211;mh-button-border-color&#8211;hover: #ffb429;&#8211;mh-button-border-style&#8211;hover: solid;}.mh-button&#8211;0a23d41e4b47ed226ad77b563f05f51c {&#8211;mh-button-border-top-left-radius: 50px;&#8211;mh-button-border-top-right-radius: 50px;&#8211;mh-button-border-bottom-right-radius: 50px;&#8211;mh-button-border-bottom-left-radius: 50px;}.mh-button&#8211;0a23d41e4b47ed226ad77b563f05f51c {&#8211;mh-button-border-top-left-radius&#8211;hover: 50px;&#8211;mh-button-border-top-right-radius&#8211;hover: 50px;&#8211;mh-button-border-bottom-right-radius&#8211;hover: 50px;&#8211;mh-button-border-bottom-left-radius&#8211;hover: 50px;}.mh-button&#8211;0a23d41e4b47ed226ad77b563f05f51c {&#8211;mh-context-color-link: #262626;&#8211;mh-context-color-link&#8211;hover: #262626;&#8211;mh-context-background-color-link: #fefdf7;&#8211;mh-context-background-color-link&#8211;hover: #ffb429;}\n\n\n<a class=\"mh-button mh-button--38f0ff54c5c08a191a6826fe14cd4244 mh-button--custom\" href=\"https:\/\/www.laatjevaccineren.be\" target=\"_self\" rel=\"\">\n\n      <span class=\"mh-anchor-label\">\n      <span class=\"\">www.laatjevaccineren.be<\/span>    <\/span>\n      <\/a>\n\n.mh-button&#8211;38f0ff54c5c08a191a6826fe14cd4244 {&#8211;mh-button-border-width: 2px;&#8211;mh-button-border-color: #ffb429;&#8211;mh-button-border-style: solid;}.mh-button&#8211;38f0ff54c5c08a191a6826fe14cd4244 {&#8211;mh-button-border-width&#8211;hover: 2px;&#8211;mh-button-border-color&#8211;hover: #ffb429;&#8211;mh-button-border-style&#8211;hover: solid;}.mh-button&#8211;38f0ff54c5c08a191a6826fe14cd4244 {&#8211;mh-button-border-top-left-radius: 50px;&#8211;mh-button-border-top-right-radius: 50px;&#8211;mh-button-border-bottom-right-radius: 50px;&#8211;mh-button-border-bottom-left-radius: 50px;}.mh-button&#8211;38f0ff54c5c08a191a6826fe14cd4244 {&#8211;mh-button-border-top-left-radius&#8211;hover: 50px;&#8211;mh-button-border-top-right-radius&#8211;hover: 50px;&#8211;mh-button-border-bottom-right-radius&#8211;hover: 50px;&#8211;mh-button-border-bottom-left-radius&#8211;hover: 50px;}.mh-button&#8211;38f0ff54c5c08a191a6826fe14cd4244 {&#8211;mh-context-color-link: #262626;&#8211;mh-context-color-link&#8211;hover: #262626;&#8211;mh-context-background-color-link: #fefdf7;&#8211;mh-context-background-color-link&#8211;hover: #ffb429;}\n<\/div>\n\n<hr class=\"mh-spacer mh-spacer--0964ebd1ebd08155d846a1d84403df7d\" aria-hidden=\"true\" \/>\n.mh-spacer&#8211;0964ebd1ebd08155d846a1d84403df7d {&#8211;mh-spacer-height&#8211;l: 40px;&#8211;mh-spacer-height&#8211;m: 32px;&#8211;mh-spacer-height&#8211;s: 20px;}.mh-spacer&#8211;0964ebd1ebd08155d846a1d84403df7d {&#8211;mh-spacer-background-image: none;}\n\n<h4 class=\"mh-heading mh-heading--536fc05ea521a1a38964be5ceef2b802\"><strong><em>\u201cMeerdere vaccins vanaf de leeftijd van 2 maanden, is dat niet te vroeg en te veel in \u00e9\u00e9n keer?\u201d<\/em><\/strong><\/h4>.mh-heading&#8211;536fc05ea521a1a38964be5ceef2b802 {&#8211;mh-heading-background-image: none;}\n\n\n<p><strong>Te vroeg? Helemaal niet.<\/strong> Baby&#8217;s zijn <strong>al vanaf hun eerste levensweken vatbaar voor ernstige infecties<\/strong>. Door kinderen vanaf 2 maanden te laten vaccineren, worden ze snel doeltreffend beschermd. Op die leeftijd is het immuunsysteem van de baby voldoende ontwikkeld om op vaccins te reageren en zijn de antistoffen van de moeder voldoende afgenomen om de vaccinrespons niet te blokkeren.<\/p>\n\n\n\n<p class=\"mh-paragraph mh-paragraph--763d4579a18fc0c950898c1c96077058\">\n    <strong>Te veel in \u00e9\u00e9n keer? Ook dat is niet waar.<\/strong> Zelfs bij heel jonge kinderen is het <strong>immuunsysteem al sterk genoeg<\/strong> om miljoenen micro-organismen tegelijkertijd af te weren. Vaccins zijn dus niet overbelastend vergeleken met de talloze prikkels die van nature in de omgeving van de baby aanwezig zijn en waartegen hij immuniteit of tolerantie moet ontwikkelen.<\/p>\n.mh-paragraph&#8211;763d4579a18fc0c950898c1c96077058 {&#8211;mh-paragraph-background-image: none;}\n\n\n<p class=\"mh-paragraph mh-paragraph--1321951489e484ab0c236dfe29ba1f8c\">\n    Wetenschappelijke studies hebben aangetoond dat het <strong>toedienen van meerdere vaccins tegelijk geen gevaar inhoudt voor het immuunsysteem<\/strong>. Bovendien combineren artsen niet zomaar alle vaccins met elkaar. Bij het vaccineren is er geen sprake van improvisatie. <strong>De aanbevolen combinaties zijn getest, hun doeltreffendheid is bewezen<\/strong> en ze houden geen extra risico in op bijwerkingen.<\/p>\n.mh-paragraph&#8211;1321951489e484ab0c236dfe29ba1f8c {&#8211;mh-paragraph-background-image: none;}\n\n\n<p class=\"mh-paragraph mh-paragraph--33c2b3142bc6e7d7c8cef509a8abbabb\">\n    Bovendien zijn combinatievaccins <strong>praktischer<\/strong>, omdat ze <strong>met \u00e9\u00e9n enkele injectie tegen meerdere ziektes helpen beschermen<\/strong> en er dus minder afspraken en prikken aan te pas komen. Ze beperken met andere woorden de stress van jonge kinderen en garanderen hen tegelijkertijd een snellere bescherming.<\/p>\n.mh-paragraph&#8211;33c2b3142bc6e7d7c8cef509a8abbabb {&#8211;mh-paragraph-background-image: none;}\n\n<hr class=\"mh-spacer mh-spacer--0964ebd1ebd08155d846a1d84403df7d\" aria-hidden=\"true\" \/>\n.mh-spacer&#8211;0964ebd1ebd08155d846a1d84403df7d {&#8211;mh-spacer-height&#8211;l: 40px;&#8211;mh-spacer-height&#8211;m: 32px;&#8211;mh-spacer-height&#8211;s: 20px;}.mh-spacer&#8211;0964ebd1ebd08155d846a1d84403df7d {&#8211;mh-spacer-background-image: none;}\n<\/div>\n\n<\/div>\n\n<\/div>\n<style>.mh-column--da6c307fead0f5485ac38aadbcb8672d {--mh-column-background-image: none;}<\/style>\n    <\/div>\n<\/div>\n\n\n<hr class=\"mh-spacer mh-spacer--0964ebd1ebd08155d846a1d84403df7d\" aria-hidden=\"true\" \/>\n<style>.mh-spacer--0964ebd1ebd08155d846a1d84403df7d {--mh-spacer-height--l: 40px;--mh-spacer-height--m: 32px;--mh-spacer-height--s: 20px;}<\/style><style>.mh-spacer--0964ebd1ebd08155d846a1d84403df7d {--mh-spacer-background-image: none;}<\/style>\n\n\n<p\n    class=\"mh-paragraph mh-paragraph--095221592608cd451d8e3c40f3fa4023\"\n    >\n    <a href=\"#vragen\"><strong>Bekijk alle vragen \u2191<\/strong><\/a><\/p>\n<style>.mh-paragraph--095221592608cd451d8e3c40f3fa4023 {--mh-paragraph-font-size--l: 1.375rem;}<\/style><style>.mh-paragraph--095221592608cd451d8e3c40f3fa4023 {--mh-paragraph-text-color: #000000;--mh-paragraph-anchor-color: #000000;--mh-paragraph-anchor-hover-color: #000000;}<\/style><style>.mh-paragraph--095221592608cd451d8e3c40f3fa4023 {--mh-paragraph-background-image: none;}<\/style><style>.mh-paragraph--095221592608cd451d8e3c40f3fa4023 {--mh-context-color-link: #000000;--mh-context-color-link--hover: #000000;--mh-context-border-bottom-color-link--hover: #ffb429;}<\/style>\n\n<hr class=\"mh-spacer mh-spacer--c291664780b6a8288f8a997c14cb1387\" aria-hidden=\"true\" \/>\n<style>.mh-spacer--c291664780b6a8288f8a997c14cb1387 {--mh-spacer-height--l: 60px;--mh-spacer-height--m: 40px;--mh-spacer-height--s: 20px;}<\/style><style>.mh-spacer--c291664780b6a8288f8a997c14cb1387 {--mh-spacer-background-image: none;}<\/style>\n    <\/div>\n<\/div>\n<style>.mh-element--5b35dcba64d28c7b82dd6560333869f8 {--mh-element-background-color: #fefdf7;}<\/style>\n\n<hr class=\"mh-spacer mh-spacer--d2c12de58d86b45a09f15b3512e16547\" aria-hidden=\"true\" \/>\n<style>.mh-spacer--d2c12de58d86b45a09f15b3512e16547 {--mh-spacer-height--l: 100px;--mh-spacer-height--m: 60px;--mh-spacer-height--s: 30px;}<\/style><style>.mh-spacer--d2c12de58d86b45a09f15b3512e16547 {--mh-spacer-background-image: none;}<\/style>\n\n<div class=\"mh-columns mh-columns--align-center mh-columns--vertical-alignment-center mh-column--85aa3d6019b5e85bfd753c783681c0d9 mh-columns--gutter-s\">\n    <div class=\"mh-columns-inner\">\n        \n<div class=\"mh-column mh-column--127db4de8b4cc6c8da0771c2c6e695c9 mh-column--12 mh-column--m-7 mh-column--l-7\">\n    \n<h4  class=\"mh-heading mh-heading--4204d82fc75afe2f049b3dd903d08713 mh-heading--with-background-image\"><span class=\"screen-reader-text\"><strong>Deel met je dierbaren<\/strong><\/span>        <img decoding=\"async\" class=\"\" src=\"https:\/\/vaccikids.be\/nl\/wp-content\/uploads\/sites\/662\/2026\/06\/Deel-met-je-dierbaren.png?quality=80&#038;lossy=1\" width=\"1158\" height=\"482\" loading=\"lazy\" alt=\"Deel met je dierbaren\" \/><br \/>\n    <\/h4><style>.mh-heading--4204d82fc75afe2f049b3dd903d08713 {--mh-heading-padding-right--l: 160px;--mh-heading-padding-right--m: 80px;}<\/style><style>.mh-heading--4204d82fc75afe2f049b3dd903d08713 {--mh-heading-background-image: none;}<\/style>\n<\/div>\n<style>.mh-column--127db4de8b4cc6c8da0771c2c6e695c9 {--mh-column-background-image: none;}<\/style>\n\n<div class=\"mh-column mh-column--64a70bd035c502c4c18054c59866c4c7 mh-column--12 mh-column--m-5 mh-column--l-5\">\n    \n<div class=\"mh-columns mh-columns--align-center mh-columns--vertical-alignment-center mh-column--414056b572583b851301742fd62883d4 mh-columns--gutter-custom\">\n    <div class=\"mh-columns-inner\">\n        \n<div class=\"mh-column mh-column--decdf1ce1438bccc56432a04ae93acb9 mh-column--6 mh-column--m-5 mh-column--l-5\">\n    \n    <figure class=\"mh-image mh-image--e20b9603c75b1c0f3417899a0f47a873\" >\n                        <a\n        class=\"mh-anchor-for-image\"\n        href=\"https:\/\/wa.me\/?text=Kijk%20eens%20naar%20Vaccikids.be!%20https%3A%2F%2Fvaccikids.be%2Fnl%2F\"\n        rel=\"\"\n        target=\"\"\n    >\n            <img decoding=\"async\"\n        class=\"\"\n        src=\"https:\/\/vaccikids.be\/nl\/wp-content\/uploads\/sites\/662\/2026\/06\/Delen-via-Whatsapp.png?w=494&#038;quality=80&#038;lossy=1\"\n        width=\"494\"\n        height=\"80\"\n        loading=\"lazy\"\n        alt=\"Delen via WhatsApp\"\n            \/>\n        <\/a>\n                    <\/figure>\n\n<\/div>\n<style>.mh-column--decdf1ce1438bccc56432a04ae93acb9 {--mh-column-background-image: none;}<\/style>\n\n<div class=\"mh-column mh-column--dc25267606d91dccc474e69c9179f5f0 mh-column--6 mh-column--m-7 mh-column--l-7\">\n    \n    <figure class=\"mh-image mh-image--480889ab9457ef1e41aa29dd78f144cd\" >\n                            <img decoding=\"async\"\n        class=\"\"\n        src=\"https:\/\/vaccikids.be\/nl\/wp-content\/uploads\/sites\/662\/2026\/06\/Hand.png?w=978&#038;quality=80&#038;lossy=1\"\n        width=\"978\"\n        height=\"591\"\n        loading=\"lazy\"\n        alt=\"hand\"\n            \/>\n                        <\/figure>\n\n<\/div>\n<style>.mh-column--dc25267606d91dccc474e69c9179f5f0 {--mh-column-background-image: none;}<\/style>\n    <\/div>\n<\/div>\n<style>.mh-column--414056b572583b851301742fd62883d4 {--columns-gutter-size-custom: 0px;}<\/style>\n<\/div>\n<style>.mh-column--64a70bd035c502c4c18054c59866c4c7 {--mh-column-background-image: none;}<\/style>\n    <\/div>\n<\/div>\n\n\n<hr class=\"mh-spacer mh-spacer--0f5cf704c1b47129955e76cf4d2c8113\" aria-hidden=\"true\" \/>\n<style>.mh-spacer--0f5cf704c1b47129955e76cf4d2c8113 {--mh-spacer-height--l: 100px;--mh-spacer-height--m: 32px;--mh-spacer-height--s: 20px;}<\/style><style>.mh-spacer--0f5cf704c1b47129955e76cf4d2c8113 {--mh-spacer-background-image: none;}<\/style>\n\n<h3  class=\"mh-heading mh-heading--center mh-heading--c6cfec2d73003c4e03c19a6efc863d9a mh-heading--with-background-image\"><span class=\"screen-reader-text\"><strong>Zie ook<\/strong><\/span>        <img decoding=\"async\" class=\"\" src=\"https:\/\/vaccikids.be\/nl\/wp-content\/uploads\/sites\/662\/2026\/06\/Zie-ook.png?quality=80&#038;lossy=1\" width=\"2344\" height=\"304\" loading=\"lazy\" alt=\"Zie ook\" \/><br \/>\n    <\/h3><style>.mh-heading--c6cfec2d73003c4e03c19a6efc863d9a {--mh-heading-background-image: none;}<\/style>\n\n<div class=\"mh-columns mh-column--7880a78da82b0533f7a03feee7508ed3 mh-columns--gutter-l\">\n    <div class=\"mh-columns-inner\">\n        \n<div class=\"mh-column mh-column--71ba9262664ad8f4fa677952da7bfcad mh-column--12 mh-column--m-6 mh-column--l-6\">\n    \n<div class=\"mh-columns mh-columns--vertical-alignment-center mh-column--03d753a8752e7cdd4e2f1a3d33c0a245 mh-columns--gutter-l\">\n    <div class=\"mh-columns-inner\">\n        \n<div class=\"mh-column mh-column--383fa25bc0f860104fbb46283cba399a mh-column--6 mh-column--m-6 mh-column--l-6\">\n    \n    <figure class=\"mh-image mh-image--9611ac8ccf75867a3934b0bf7fc3b6be\" >\n                        <a\n        class=\"mh-anchor-for-image\"\n        href=\"https:\/\/vaccikids.be\/nl\/tijdens-de-zwangerschap\/\"\n        rel=\"\"\n        target=\"\"\n    >\n            <img decoding=\"async\"\n        class=\"\"\n        src=\"https:\/\/vaccikids.be\/nl\/wp-content\/uploads\/sites\/662\/2026\/02\/Frame-53.png?w=428&#038;quality=80&#038;lossy=1\"\n        width=\"428\"\n        height=\"548\"\n        loading=\"lazy\"\n        alt=\"Pendant la grossesse\"\n            \/>\n        <\/a>\n                    <\/figure>\n\n<\/div>\n<style>.mh-column--383fa25bc0f860104fbb46283cba399a {--mh-column-background-image: none;}<\/style>\n\n<div class=\"mh-column mh-column--3ced984e3f27af84575af308c28f2387 mh-column--12 mh-column--m-6 mh-column--l-6\">\n    \n<h3  class=\"mh-heading mh-heading--7616804a6554cc444b81119dc523b6db mh-heading--with-background-image\"><span class=\"screen-reader-text\"><strong>Tijdens de zwangerschap<\/strong><\/span>        <img decoding=\"async\" class=\"\" src=\"https:\/\/vaccikids.be\/nl\/wp-content\/uploads\/sites\/662\/2026\/06\/Tijdens-de-zwangerschap.png?quality=80&#038;lossy=1\" width=\"757\" height=\"64\" loading=\"lazy\" alt=\"Tijdens de zwangerschap\" \/><br \/>\n    <\/h3><style>.mh-heading--7616804a6554cc444b81119dc523b6db {--mh-heading-background-image: none;}<\/style>\n\n\n<p\n    class=\"mh-paragraph mh-paragraph--1e9d6dbe0f260f8694a5624867e104a3\"\n    >\n    Waaraan moet u denken om het kleine schepseltje dat tijdens de zwangerschap in uw buik groeit zo goed mogelijk te beschermen? Hoe gaat u concreet te werk?<\/p>\n<style>.mh-paragraph--1e9d6dbe0f260f8694a5624867e104a3 {--mh-paragraph-line-height--l: 1.5;}<\/style><style>.mh-paragraph--1e9d6dbe0f260f8694a5624867e104a3 {--mh-paragraph-background-image: none;}<\/style>\n\n<hr class=\"mh-spacer mh-spacer--4853a133051d712030866b97057b3687\" aria-hidden=\"true\" \/>\n<style>.mh-spacer--4853a133051d712030866b97057b3687 {--mh-spacer-height--l: 20px;--mh-spacer-height--m: 20px;--mh-spacer-height--s: 20px;}<\/style><style>.mh-spacer--4853a133051d712030866b97057b3687 {--mh-spacer-background-image: none;}<\/style>\n\n    <figure class=\"mh-image mh-image--363ec0a3987465096d390ca61118810a\" >\n                        <a\n        class=\"mh-anchor-for-image\"\n        href=\"https:\/\/vaccikids.be\/nl\/tijdens-de-zwangerschap\/\"\n        rel=\"\"\n        target=\"\"\n    >\n            <img decoding=\"async\"\n        class=\"\"\n        src=\"https:\/\/vaccikids.be\/nl\/wp-content\/uploads\/sites\/662\/2026\/02\/BUTTON-blue.png?w=57&#038;quality=80&#038;lossy=1\"\n        width=\"57\"\n        height=\"57\"\n        loading=\"lazy\"\n        alt=\"\"\n            \/>\n        <\/a>\n                    <\/figure>\n\n<\/div>\n<style>.mh-column--3ced984e3f27af84575af308c28f2387 {--mh-column-background-image: none;}<\/style>\n    <\/div>\n<\/div>\n\n<\/div>\n<style>.mh-column--71ba9262664ad8f4fa677952da7bfcad {--mh-column-background-image: none;}<\/style>\n\n<div class=\"mh-column mh-column--b1ee3d53a34766948a0d207a9b26a82f mh-column--12 mh-column--m-6 mh-column--l-6\">\n    \n<div class=\"mh-columns mh-columns--vertical-alignment-center mh-column--fb038995259a15a6166f857891eefb6a mh-columns--gutter-l\">\n    <div class=\"mh-columns-inner\">\n        \n<div class=\"mh-column mh-column--3a9cbfee679d1f51a5a18da1c8cda49b mh-column--6 mh-column--m-6 mh-column--l-6\">\n    \n    <figure class=\"mh-image mh-image--470ec033827975536a72fe092dc936a4\" >\n                        <a\n        class=\"mh-anchor-for-image\"\n        href=\"https:\/\/vaccikids.be\/nl\/mijn-kind\/\"\n        rel=\"\"\n        target=\"\"\n    >\n            <img decoding=\"async\"\n        class=\"\"\n        src=\"https:\/\/vaccikids.be\/nl\/wp-content\/uploads\/sites\/662\/2026\/02\/Frame-55.png?w=428&#038;quality=80&#038;lossy=1\"\n        width=\"428\"\n        height=\"548\"\n        loading=\"lazy\"\n        alt=\"Mon enfant\"\n            \/>\n        <\/a>\n                    <\/figure>\n\n<\/div>\n<style>.mh-column--3a9cbfee679d1f51a5a18da1c8cda49b {--mh-column-background-image: none;}<\/style>\n\n<div class=\"mh-column mh-column--cb9a49564fdab0c4a8e20aa7c717bb43 mh-column--12 mh-column--m-6 mh-column--l-6\">\n    \n<h3  class=\"mh-heading mh-heading--3437b3ee399dba1b7843324970ee60a0 mh-heading--with-background-image\"><span class=\"screen-reader-text\"><strong>Mijn kind laten vaccineren<\/strong><\/span>        <img decoding=\"async\" class=\"\" src=\"https:\/\/vaccikids.be\/nl\/wp-content\/uploads\/sites\/662\/2026\/06\/Mijn-kind-laten-vaccineren.png?quality=80&#038;lossy=1\" width=\"744\" height=\"136\" loading=\"lazy\" alt=\"Mijn kind laten vaccineren\" \/><br \/>\n    <\/h3><style>.mh-heading--3437b3ee399dba1b7843324970ee60a0 {--mh-heading-background-image: none;}<\/style>\n\n\n<p\n    class=\"mh-paragraph mh-paragraph--4d00da91d8cea9cf386c1b2b6050eba0\"\n    >\n    Naarmate uw kind groter wordt, heeft het andere dingen nodig\u00a0\u2026 Vaccinaties zijn er daar een van. Op school of bij de dokter zijn er een aantal belangrijke stappen die u kunt doen om uw kind dagelijks te blijven beschermen.<\/p>\n<style>.mh-paragraph--4d00da91d8cea9cf386c1b2b6050eba0 {--mh-paragraph-line-height--l: 1.5;}<\/style><style>.mh-paragraph--4d00da91d8cea9cf386c1b2b6050eba0 {--mh-paragraph-background-image: none;}<\/style>\n\n<hr class=\"mh-spacer mh-spacer--4853a133051d712030866b97057b3687\" aria-hidden=\"true\" \/>\n<style>.mh-spacer--4853a133051d712030866b97057b3687 {--mh-spacer-height--l: 20px;--mh-spacer-height--m: 20px;--mh-spacer-height--s: 20px;}<\/style><style>.mh-spacer--4853a133051d712030866b97057b3687 {--mh-spacer-background-image: none;}<\/style>\n\n    <figure class=\"mh-image mh-image--7a90d33ca27119b05a1df34b7e4d3b5f\" >\n                        <a\n        class=\"mh-anchor-for-image\"\n        href=\"https:\/\/vaccikids.be\/nl\/mijn-kind\/\"\n        rel=\"\"\n        target=\"\"\n    >\n            <img decoding=\"async\"\n        class=\"\"\n        src=\"https:\/\/vaccikids.be\/nl\/wp-content\/uploads\/sites\/662\/2026\/02\/BUTTON-pink.png?w=57&#038;quality=80&#038;lossy=1\"\n        width=\"57\"\n        height=\"57\"\n        loading=\"lazy\"\n        alt=\"\"\n            \/>\n        <\/a>\n                    <\/figure>\n\n<\/div>\n<style>.mh-column--cb9a49564fdab0c4a8e20aa7c717bb43 {--mh-column-background-image: none;}<\/style>\n    <\/div>\n<\/div>\n\n<\/div>\n<style>.mh-column--b1ee3d53a34766948a0d207a9b26a82f {--mh-column-background-image: none;}<\/style>\n    <\/div>\n<\/div>\n\n\n<hr class=\"mh-spacer mh-spacer--f8d5c7ad54590889da7ed80d561af1c5\" aria-hidden=\"true\" \/>\n<style>.mh-spacer--f8d5c7ad54590889da7ed80d561af1c5 {--mh-spacer-height--l: 100px;--mh-spacer-height--m: 80px;--mh-spacer-height--s: 40px;}<\/style><style>.mh-spacer--f8d5c7ad54590889da7ed80d561af1c5 {--mh-spacer-background-image: none;}<\/style>\n\n<div class=\"mh-accordion mh-accordion--b92d06f421dae504948ec1ae1e2e7fd1 mh-accordion--default\" data-configuration=\"{&quot;variation&quot;:&quot;default&quot;,&quot;speed&quot;:250}\">\n    \n\n<section class=\"mh-accordion-molecule mh-accordion-molecule--5283b6d32c2e5d9c295b32c10c0bfe5e mh-accordion-molecule--closed\"  >\n    <header class=\"mh-accordion-molecule-header\">\n                        <h4 class=\"mh-accordion-molecule-header__heading\">\n            <button class=\"mh-accordion-molecule-header__heading-trigger\" aria-expanded=\"false\" type=\"button\">\n                Referenties:            <\/button>\n        <\/h4>\n        <span class=\"mh-accordion-molecule-header__icon-dropdown\">\n            \n<svg width=\"1em\" height=\"1em\" class=\"mh-icon mh-icon--kind-generic mh-icon--name-dropdown-arrow mh-icon--dropdown-arrow\" role=\"img\" aria-hidden=\"true\">\n    \n    \n    <use xlink:href=\"https:\/\/vaccikids.be\/nl\/wp-content\/themes\/cex-wpvip-mh-theme-3.1\/modules\/theme\/resources\/icons\/svg\/generic\/dropdown-arrow.svg#dropdown-arrow\"><\/use>\n<\/svg>\n        <\/span>\n    <\/header>\n    <div class=\"mh-accordion-molecule-content\">\n        <div class=\"mh-accordion-molecule-content__body\">\n            \n\n<ol class=\"mh-v2-clist mh-v2-clist--a8a84eb90f8c7e77c6d7d1ef3d1bdb78 mh-v2-clist--line\"  >\n\n\n<li>\n    https:\/\/www.vaccination-info.be\/. Last access: 06\/2026.    <\/li>\n\n\n\n<li>\n    https:\/\/www.kindengezin.be\/. Last access: 06\/2026.    <\/li>\n\n\n\n<li>\n    https:\/\/www.laatjevaccineren.be\/. Last access: 06\/2026.    <\/li>\n\n\n\n<li>\n    R\u00edos-Covian D. et al. From Short- to Long-Term Effects of C-Section Delivery on Microbiome Establishment and Host Health. Microorganisms 2021;9(10):2122. doi.org\/10.3390\/microorganisms9102122    <\/li>\n\n\n\n<li>\n    https:\/\/www.hpvinfo.be\/nl\/het-virus\/. Last access: 06\/2026.    <\/li>\n\n\n\n<li>\n    https:\/\/www.bcfi.be\/nl\/influenzavaccinatie-winter-2025-2026\/. Last access: 06\/2026.    <\/li>\n\n<\/ol>\n<style>.mh-v2-clist--a8a84eb90f8c7e77c6d7d1ef3d1bdb78 {--mh-v2-clist-counter-reset: item 0;}<\/style><style>.mh-v2-clist--a8a84eb90f8c7e77c6d7d1ef3d1bdb78 {--mh-v2-clist-font-size--l: 0.8125rem;--mh-v2-clist-font-size--m: 0.8125rem;--mh-v2-clist-font-size--s: 0.8125rem;}<\/style><style>.mh-v2-clist--a8a84eb90f8c7e77c6d7d1ef3d1bdb78 {--mh-v2-clist-background-image: none;}<\/style>\n        <\/div>\n    <\/div>\n<\/section>\n\n<\/div>\n\n\n<hr class=\"mh-spacer mh-spacer--c291664780b6a8288f8a997c14cb1387\" aria-hidden=\"true\" \/>\n<style>.mh-spacer--c291664780b6a8288f8a997c14cb1387 {--mh-spacer-height--l: 60px;--mh-spacer-height--m: 40px;--mh-spacer-height--s: 20px;}<\/style><style>.mh-spacer--c291664780b6a8288f8a997c14cb1387 {--mh-spacer-background-image: none;}<\/style>\n\n<div class=\"mh-element mh-element--c02baa1e7491e77f94be7c6eff4e6737 mh-element--align-full\">\n    <div class=\"mh-container\">\n        \n<div class=\"mh-columns mh-column--7fb66494de13374257ab31c24747d056 mh-columns--gutter-m\">\n    <div class=\"mh-columns-inner\">\n        \n<div class=\"mh-column mh-column--6b5e9c5ea6e1d112cd140e70a7470544 mh-column--12 mh-column--m-6 mh-column--l-3\">\n    \n    <figure class=\"mh-image mh-image--ce0ac01ec442ab6f1e491a3328578135\" >\n                        <a\n        class=\"mh-anchor-for-image\"\n        href=\"https:\/\/www.vaccikids.be\/fr\/\"\n        rel=\"\"\n        target=\"\"\n    >\n            <img decoding=\"async\"\n        class=\"\"\n        src=\"https:\/\/vaccikids.be\/nl\/wp-content\/uploads\/sites\/662\/2026\/03\/VACCIKIDS-logo.svg?w=194&#038;quality=80&#038;lossy=1\"\n        width=\"\"\n        height=\"\"\n        loading=\"lazy\"\n        alt=\"\"\n            \/>\n        <\/a>\n                    <\/figure>\n\n\n<hr class=\"mh-spacer mh-spacer--18ed09467a8ca8e30235f223abff62e2\" aria-hidden=\"true\" \/>\n<style>.mh-spacer--18ed09467a8ca8e30235f223abff62e2 {--mh-spacer-height--l: 40px;--mh-spacer-height--m: 32px;--mh-spacer-height--s: 20px;}<\/style><style>.mh-spacer--18ed09467a8ca8e30235f223abff62e2 {--mh-spacer-background-image: none;}<\/style>\n\n\n<p\n    class=\"mh-paragraph mh-paragraph--29f9b3fdb867b3059f3e1cccc79ea8f5\"\n    >\n    Deze website is bedoeld om u te informeren over de vaccinatie van kinderen. Raadpleeg uw arts of apotheker indien u meer informatie wenst.<\/p>\n<style>.mh-paragraph--29f9b3fdb867b3059f3e1cccc79ea8f5 {--mh-paragraph-background-image: none;}<\/style>\n<\/div>\n<style>.mh-column--6b5e9c5ea6e1d112cd140e70a7470544 {--mh-column-background-image: none;}<\/style>\n\n<div class=\"mh-column mh-column--e37d5771d1a5d5413c7492b8145ba333 mh-column--12 mh-column--m-6 mh-column--l-3\">\n    \n\n<p\n    class=\"mh-paragraph mh-paragraph--f0716c02657cb1ae73a1cc60e5b26f02\"\n    >\n    <a href=\"https:\/\/vaccikids.be\/nl\/\">Home<\/a><br \/>\n<a href=\"https:\/\/vaccikids.be\/nl\/voor-de-zwangerschap\/\">Voor de zwangerschap<\/a><br \/>\n<a href=\"https:\/\/vaccikids.be\/nl\/tijdens-de-zwangerschap\/\">Tijdens de zwangerschap<\/a><br \/>\n<a href=\"https:\/\/vaccikids.be\/nl\/mijn-baby\/\">Mijn baby<\/a><br \/>\n<a href=\"https:\/\/vaccikids.be\/nl\/mijn-kind\/\">Mijn kind<\/a><\/p>\n<style>.mh-paragraph--f0716c02657cb1ae73a1cc60e5b26f02 {--mh-paragraph-line-height--l: 2.5;}<\/style><style>.mh-paragraph--f0716c02657cb1ae73a1cc60e5b26f02 {--mh-paragraph-padding-left--l: 40px;}<\/style><style>.mh-paragraph--f0716c02657cb1ae73a1cc60e5b26f02 {--mh-paragraph-background-image: none;}<\/style>\n<\/div>\n<style>.mh-column--e37d5771d1a5d5413c7492b8145ba333 {--mh-column-background-image: none;}<\/style>\n\n<div class=\"mh-column mh-column--dbdd3f3a8ba5734261a53a4823d8ed0e mh-column--12 mh-column--m-6 mh-column--l-3\">\n    \n\n<p\n    class=\"mh-paragraph mh-paragraph--294568238bb90f6132646312ce37c0b0\"\n    >\n    <a href=\"https:\/\/www.msd-belgium.be\/en\/disclaimer\/\">Gebruiksvoorwaarden<\/a><br \/>\n<a href=\"https:\/\/www.msdprivacy.com\/be\/nl\/\">Privacybeleid<\/a><br \/>\n<a href=\"mailto:msdbelgium@msd.com\">Contacteer ons<\/a><br \/>\n<a href=\"mailto:dpoc_belux@msd.com\">Geneesmiddelenbewaking<\/a><br \/>\n<a href=\"https:\/\/www.msd.com\/our-commitment-to-accessibility-for-all\/\">Accessibility<\/a><\/p>\n<style>.mh-paragraph--294568238bb90f6132646312ce37c0b0 {--mh-paragraph-line-height--l: 2.5;}<\/style><style>.mh-paragraph--294568238bb90f6132646312ce37c0b0 {--mh-paragraph-background-image: none;}<\/style>\n\n    <figure class=\"mh-image mh-image--f35f9791e6976bfdb49168c0f46d0f0d\" >\n                        <a\n        class=\"mh-anchor-for-image\"\n        href=\"https:\/\/www.levelaccess.com\/a\/msd\"\n        rel=\"\"\n        target=\"\"\n    >\n            <img decoding=\"async\"\n        class=\"\"\n        src=\"https:\/\/vaccikids.be\/nl\/wp-content\/uploads\/sites\/662\/2025\/01\/ea-icon_75.png?w=75&#038;quality=80&#038;lossy=1\"\n        width=\"75\"\n        height=\"29\"\n        loading=\"lazy\"\n        alt=\"\"\n            \/>\n        <\/a>\n                    <\/figure>\n\n<\/div>\n<style>.mh-column--dbdd3f3a8ba5734261a53a4823d8ed0e {--mh-column-background-image: none;}<\/style>\n\n<div class=\"mh-column mh-column--0cc90c78a2f893292f7c29ad63ca9d60 mh-column--12 mh-column--m-6 mh-column--l-3\">\n    \n\n<p>\u00a9 MSD Belgium BV<br>Vorstlaan 25<br>B-1170 Brussel<br>\u00a9 Copyright 2026, all rights reserved<br><\/p>\n\n\n\n<p>BE-NON-02808<br>Date of last revision: 06\/2026<\/p>\n\n<\/div>\n<style>.mh-column--0cc90c78a2f893292f7c29ad63ca9d60 {--mh-column-background-image: none;}<\/style>\n    <\/div>\n<\/div>\n\n    <\/div>\n<\/div>\n<style>.mh-element--c02baa1e7491e77f94be7c6eff4e6737 {--mh-element-background-color: #f8f8fb;}<\/style>","protected":false},"excerpt":{"rendered":"","protected":false},"author":173,"featured_media":5359,"parent":0,"menu_order":0,"comment_status":"closed","ping_status":"closed","template":"blank-canvas-template.php","meta":{"_mh_page_language":"nl_BE","_mh_page_is_rtl":false,"editor_notices":[],"footnotes":""},"ga4_page_audience":[],"ga4_page_birn_id":[],"ga4_page_branding":[],"ga4_page_businessunit":[],"ga4_page_campaign":[],"ga4_page_content_purpose":[],"ga4_page_customer_journey_stage":[],"ga4_page_customer_specialty":[],"ga4_page_experience":[],"ga4_page_indication":[],"ga4_page_material_intent":[],"ga4_page_product":[],"ga4_page_region":[],"ga4_page_therapeuticarea":[],"class_list":["post-5080","page","type-page","status-publish","has-post-thumbnail","hentry"],"yoast_head":"<!-- This site is optimized with the Yoast SEO plugin v28.2 - https:\/\/yoast.com\/product\/yoast-seo-wordpress\/ -->\n<title>Mijn baby - Vaccikids NL<\/title>\n<meta name=\"description\" content=\"Antwoorden op veelgestelde vragen over vaccinatie bij baby&#039;s: vaccinatieschema, mogelijke bijwerkingen en praktische tips.\" \/>\n<meta name=\"robots\" content=\"index, follow, max-snippet:-1, max-image-preview:large, max-video-preview:-1\" \/>\n<link rel=\"canonical\" href=\"https:\/\/vaccikids.be\/nl\/mijn-baby\/\" \/>\n<meta property=\"og:locale\" content=\"nl_BE\" \/>\n<meta property=\"og:type\" content=\"article\" \/>\n<meta property=\"og:title\" content=\"Mijn baby - Vaccikids NL\" \/>\n<meta property=\"og:description\" content=\"Antwoorden op veelgestelde vragen over vaccinatie bij baby&#039;s: vaccinatieschema, mogelijke bijwerkingen en praktische tips.\" \/>\n<meta property=\"og:url\" content=\"https:\/\/vaccikids.be\/nl\/mijn-baby\/\" \/>\n<meta property=\"og:site_name\" content=\"Vaccikids NL\" \/>\n<meta property=\"article:modified_time\" content=\"2026-07-09T16:06:24+00:00\" \/>\n<meta property=\"og:image\" content=\"https:\/\/vaccikids.be\/nl\/wp-content\/uploads\/sites\/662\/2026\/01\/Mon-bebe.png\" \/>\n\t<meta property=\"og:image:width\" content=\"428\" \/>\n\t<meta property=\"og:image:height\" content=\"548\" \/>\n\t<meta property=\"og:image:type\" content=\"image\/png\" \/>\n<meta name=\"twitter:card\" content=\"summary_large_image\" \/>\n<meta name=\"twitter:label1\" content=\"Geschatte leestijd\" \/>\n\t<meta name=\"twitter:data1\" content=\"89 minuten\" \/>\n<script type=\"application\/ld+json\" class=\"yoast-schema-graph\">{\"@context\":\"https:\\\/\\\/schema.org\",\"@graph\":[{\"@type\":\"WebPage\",\"@id\":\"https:\\\/\\\/vaccikids.be\\\/nl\\\/mijn-baby\\\/\",\"url\":\"https:\\\/\\\/vaccikids.be\\\/nl\\\/mijn-baby\\\/\",\"name\":\"Mijn baby - Vaccikids NL\",\"isPartOf\":{\"@id\":\"https:\\\/\\\/vaccikids.be\\\/nl\\\/#website\"},\"primaryImageOfPage\":{\"@id\":\"https:\\\/\\\/vaccikids.be\\\/nl\\\/mijn-baby\\\/#primaryimage\"},\"image\":{\"@id\":\"https:\\\/\\\/vaccikids.be\\\/nl\\\/mijn-baby\\\/#primaryimage\"},\"thumbnailUrl\":\"https:\\\/\\\/vaccikids.be\\\/nl\\\/wp-content\\\/uploads\\\/sites\\\/662\\\/2026\\\/01\\\/Mon-bebe.png?quality=80&lossy=1\",\"datePublished\":\"2026-06-30T16:56:58+00:00\",\"dateModified\":\"2026-07-09T16:06:24+00:00\",\"description\":\"Antwoorden op veelgestelde vragen over vaccinatie bij baby's: vaccinatieschema, mogelijke bijwerkingen en praktische tips.\",\"breadcrumb\":{\"@id\":\"https:\\\/\\\/vaccikids.be\\\/nl\\\/mijn-baby\\\/#breadcrumb\"},\"inLanguage\":\"nl-BE\",\"potentialAction\":[{\"@type\":\"ReadAction\",\"target\":[\"https:\\\/\\\/vaccikids.be\\\/nl\\\/mijn-baby\\\/\"]}]},{\"@type\":\"ImageObject\",\"inLanguage\":\"nl-BE\",\"@id\":\"https:\\\/\\\/vaccikids.be\\\/nl\\\/mijn-baby\\\/#primaryimage\",\"url\":\"https:\\\/\\\/vaccikids.be\\\/nl\\\/wp-content\\\/uploads\\\/sites\\\/662\\\/2026\\\/01\\\/Mon-bebe.png?quality=80&lossy=1\",\"contentUrl\":\"https:\\\/\\\/vaccikids.be\\\/nl\\\/wp-content\\\/uploads\\\/sites\\\/662\\\/2026\\\/01\\\/Mon-bebe.png?quality=80&lossy=1\",\"width\":428,\"height\":548,\"caption\":\"Mon b\u00e9b\u00e9\"},{\"@type\":\"BreadcrumbList\",\"@id\":\"https:\\\/\\\/vaccikids.be\\\/nl\\\/mijn-baby\\\/#breadcrumb\",\"itemListElement\":[{\"@type\":\"ListItem\",\"position\":1,\"name\":\"Home\",\"item\":\"https:\\\/\\\/vaccikids.be\\\/nl\\\/\"},{\"@type\":\"ListItem\",\"position\":2,\"name\":\"Mijn baby\"}]},{\"@type\":\"WebSite\",\"@id\":\"https:\\\/\\\/vaccikids.be\\\/nl\\\/#website\",\"url\":\"https:\\\/\\\/vaccikids.be\\\/nl\\\/\",\"name\":\"Vaccikids NL\",\"description\":\"Vaccinatie voor kids\",\"potentialAction\":[{\"@type\":\"SearchAction\",\"target\":{\"@type\":\"EntryPoint\",\"urlTemplate\":\"https:\\\/\\\/vaccikids.be\\\/nl\\\/?s={search_term_string}\"},\"query-input\":{\"@type\":\"PropertyValueSpecification\",\"valueRequired\":true,\"valueName\":\"search_term_string\"}}],\"inLanguage\":\"nl-BE\"}]}<\/script>\n<!-- \/ Yoast SEO plugin. -->","yoast_head_json":{"title":"Mijn baby - Vaccikids NL","description":"Antwoorden op veelgestelde vragen over vaccinatie bij baby's: vaccinatieschema, mogelijke bijwerkingen en praktische tips.","robots":{"index":"index","follow":"follow","max-snippet":"max-snippet:-1","max-image-preview":"max-image-preview:large","max-video-preview":"max-video-preview:-1"},"canonical":"https:\/\/vaccikids.be\/nl\/mijn-baby\/","og_locale":"nl_BE","og_type":"article","og_title":"Mijn baby - Vaccikids NL","og_description":"Antwoorden op veelgestelde vragen over vaccinatie bij baby's: vaccinatieschema, mogelijke bijwerkingen en praktische tips.","og_url":"https:\/\/vaccikids.be\/nl\/mijn-baby\/","og_site_name":"Vaccikids NL","article_modified_time":"2026-07-09T16:06:24+00:00","og_image":[{"width":428,"height":548,"url":"https:\/\/vaccikids.be\/nl\/wp-content\/uploads\/sites\/662\/2026\/01\/Mon-bebe.png","type":"image\/png"}],"twitter_card":"summary_large_image","twitter_misc":{"Geschatte leestijd":"89 minuten"},"schema":{"@context":"https:\/\/schema.org","@graph":[{"@type":"WebPage","@id":"https:\/\/vaccikids.be\/nl\/mijn-baby\/","url":"https:\/\/vaccikids.be\/nl\/mijn-baby\/","name":"Mijn baby - Vaccikids NL","isPartOf":{"@id":"https:\/\/vaccikids.be\/nl\/#website"},"primaryImageOfPage":{"@id":"https:\/\/vaccikids.be\/nl\/mijn-baby\/#primaryimage"},"image":{"@id":"https:\/\/vaccikids.be\/nl\/mijn-baby\/#primaryimage"},"thumbnailUrl":"https:\/\/vaccikids.be\/nl\/wp-content\/uploads\/sites\/662\/2026\/01\/Mon-bebe.png?quality=80&lossy=1","datePublished":"2026-06-30T16:56:58+00:00","dateModified":"2026-07-09T16:06:24+00:00","description":"Antwoorden op veelgestelde vragen over vaccinatie bij baby's: vaccinatieschema, mogelijke bijwerkingen en praktische tips.","breadcrumb":{"@id":"https:\/\/vaccikids.be\/nl\/mijn-baby\/#breadcrumb"},"inLanguage":"nl-BE","potentialAction":[{"@type":"ReadAction","target":["https:\/\/vaccikids.be\/nl\/mijn-baby\/"]}]},{"@type":"ImageObject","inLanguage":"nl-BE","@id":"https:\/\/vaccikids.be\/nl\/mijn-baby\/#primaryimage","url":"https:\/\/vaccikids.be\/nl\/wp-content\/uploads\/sites\/662\/2026\/01\/Mon-bebe.png?quality=80&lossy=1","contentUrl":"https:\/\/vaccikids.be\/nl\/wp-content\/uploads\/sites\/662\/2026\/01\/Mon-bebe.png?quality=80&lossy=1","width":428,"height":548,"caption":"Mon b\u00e9b\u00e9"},{"@type":"BreadcrumbList","@id":"https:\/\/vaccikids.be\/nl\/mijn-baby\/#breadcrumb","itemListElement":[{"@type":"ListItem","position":1,"name":"Home","item":"https:\/\/vaccikids.be\/nl\/"},{"@type":"ListItem","position":2,"name":"Mijn baby"}]},{"@type":"WebSite","@id":"https:\/\/vaccikids.be\/nl\/#website","url":"https:\/\/vaccikids.be\/nl\/","name":"Vaccikids NL","description":"Vaccinatie voor kids","potentialAction":[{"@type":"SearchAction","target":{"@type":"EntryPoint","urlTemplate":"https:\/\/vaccikids.be\/nl\/?s={search_term_string}"},"query-input":{"@type":"PropertyValueSpecification","valueRequired":true,"valueName":"search_term_string"}}],"inLanguage":"nl-BE"}]}},"_links":{"self":[{"href":"https:\/\/vaccikids.be\/nl\/wp-json\/wp\/v2\/pages\/5080","targetHints":{"allow":["GET"]}}],"collection":[{"href":"https:\/\/vaccikids.be\/nl\/wp-json\/wp\/v2\/pages"}],"about":[{"href":"https:\/\/vaccikids.be\/nl\/wp-json\/wp\/v2\/types\/page"}],"author":[{"embeddable":true,"href":"https:\/\/vaccikids.be\/nl\/wp-json\/wp\/v2\/users\/173"}],"replies":[{"embeddable":true,"href":"https:\/\/vaccikids.be\/nl\/wp-json\/wp\/v2\/comments?post=5080"}],"version-history":[{"count":379,"href":"https:\/\/vaccikids.be\/nl\/wp-json\/wp\/v2\/pages\/5080\/revisions"}],"predecessor-version":[{"id":6763,"href":"https:\/\/vaccikids.be\/nl\/wp-json\/wp\/v2\/pages\/5080\/revisions\/6763"}],"wp:featuredmedia":[{"embeddable":true,"href":"https:\/\/vaccikids.be\/nl\/wp-json\/wp\/v2\/media\/5359"}],"wp:attachment":[{"href":"https:\/\/vaccikids.be\/nl\/wp-json\/wp\/v2\/media?parent=5080"}],"wp:term":[{"taxonomy":"ga4_page_audience","embeddable":true,"href":"https:\/\/vaccikids.be\/nl\/wp-json\/wp\/v2\/ga4_page_audience?post=5080"},{"taxonomy":"ga4_page_birn_id","embeddable":true,"href":"https:\/\/vaccikids.be\/nl\/wp-json\/wp\/v2\/ga4_page_birn_id?post=5080"},{"taxonomy":"ga4_page_branding","embeddable":true,"href":"https:\/\/vaccikids.be\/nl\/wp-json\/wp\/v2\/ga4_page_branding?post=5080"},{"taxonomy":"ga4_page_businessunit","embeddable":true,"href":"https:\/\/vaccikids.be\/nl\/wp-json\/wp\/v2\/ga4_page_businessunit?post=5080"},{"taxonomy":"ga4_page_campaign","embeddable":true,"href":"https:\/\/vaccikids.be\/nl\/wp-json\/wp\/v2\/ga4_page_campaign?post=5080"},{"taxonomy":"ga4_page_content_purpose","embeddable":true,"href":"https:\/\/vaccikids.be\/nl\/wp-json\/wp\/v2\/ga4_page_content_purpose?post=5080"},{"taxonomy":"ga4_page_customer_journey_stage","embeddable":true,"href":"https:\/\/vaccikids.be\/nl\/wp-json\/wp\/v2\/ga4_page_customer_journey_stage?post=5080"},{"taxonomy":"ga4_page_customer_specialty","embeddable":true,"href":"https:\/\/vaccikids.be\/nl\/wp-json\/wp\/v2\/ga4_page_customer_specialty?post=5080"},{"taxonomy":"ga4_page_experience","embeddable":true,"href":"https:\/\/vaccikids.be\/nl\/wp-json\/wp\/v2\/ga4_page_experience?post=5080"},{"taxonomy":"ga4_page_indication","embeddable":true,"href":"https:\/\/vaccikids.be\/nl\/wp-json\/wp\/v2\/ga4_page_indication?post=5080"},{"taxonomy":"ga4_page_material_intent","embeddable":true,"href":"https:\/\/vaccikids.be\/nl\/wp-json\/wp\/v2\/ga4_page_material_intent?post=5080"},{"taxonomy":"ga4_page_product","embeddable":true,"href":"https:\/\/vaccikids.be\/nl\/wp-json\/wp\/v2\/ga4_page_product?post=5080"},{"taxonomy":"ga4_page_region","embeddable":true,"href":"https:\/\/vaccikids.be\/nl\/wp-json\/wp\/v2\/ga4_page_region?post=5080"},{"taxonomy":"ga4_page_therapeuticarea","embeddable":true,"href":"https:\/\/vaccikids.be\/nl\/wp-json\/wp\/v2\/ga4_page_therapeuticarea?post=5080"}],"curies":[{"name":"wp","href":"https:\/\/api.w.org\/{rel}","templated":true}]}}